{"id":7392,"date":"2024-07-11T13:45:33","date_gmt":"2024-07-11T13:45:33","guid":{"rendered":"https:\/\/apalmw.com\/?page_id=7392"},"modified":"2026-02-25T16:09:19","modified_gmt":"2026-02-25T15:09:19","slug":"actualite-enr","status":"publish","type":"page","link":"https:\/\/apalmw.com\/en\/actualite-enr\/","title":{"rendered":"Actualit\u00e9s ENR"},"content":{"rendered":"<div data-elementor-type=\"wp-page\" data-elementor-id=\"7392\" class=\"elementor elementor-7392\" data-elementor-post-type=\"page\">\n\t\t\t\t        <section class=\"elementor-section elementor-top-section elementor-element elementor-element-f6d8b8c elementor-section-content-top elementor-section-boxed elementor-section-height-default elementor-section-height-default cms-boxed-bg-false\" data-id=\"f6d8b8c\" data-element_type=\"section\" data-e-type=\"section\">\r\n\t\t\r\n\t\t<div class=\"cms-section-boxed-bg\"><\/div>        <div class=\"elementor-container elementor-column-gap-default\" >\r\n\t\t        <div class=\"elementor-column elementor-col-100 elementor-top-column elementor-element elementor-element-594b783\" data-id=\"594b783\" data-element_type=\"column\" data-e-type=\"column\">\r\n            <div class=\"elementor-widget-wrap elementor-element-populated\">\r\n                \t\t<div class=\"elementor-element elementor-element-475d24d elementor--h-position-center elementor--v-position-middle elementor-arrows-position-inside elementor-pagination-position-inside elementor-widget elementor-widget-slides\" data-id=\"475d24d\" data-element_type=\"widget\" data-e-type=\"widget\" data-settings=\"{&quot;navigation&quot;:&quot;both&quot;,&quot;autoplay&quot;:&quot;yes&quot;,&quot;pause_on_hover&quot;:&quot;yes&quot;,&quot;pause_on_interaction&quot;:&quot;yes&quot;,&quot;autoplay_speed&quot;:5000,&quot;infinite&quot;:&quot;yes&quot;,&quot;transition&quot;:&quot;slide&quot;,&quot;transition_speed&quot;:500}\" data-widget_type=\"slides.default\">\n\t\t\t\t<div class=\"elementor-widget-container\">\n\t\t\t\t\t\t\t\t\t<div class=\"elementor-swiper\">\n\t\t\t\t\t<div class=\"elementor-slides-wrapper elementor-main-swiper swiper\" role=\"region\" aria-roledescription=\"carousel\" aria-label=\"Diapositives\" dir=\"ltr\" data-animation=\"fadeInUp\">\n\t\t\t\t<div class=\"swiper-wrapper elementor-slides\">\n\t\t\t\t\t\t\t\t\t\t<div class=\"elementor-repeater-item-92fd39d swiper-slide\" role=\"group\" aria-roledescription=\"slide\"><div class=\"swiper-slide-bg\" role=\"img\" aria-label=\"Un champ de ma\u00efs s&#039;\u00e9tend \u00e0 perte de vue, parsem\u00e9 de panneaux photovolta\u00efques captant les derniers rayons du soleil couchant. Le ciel se teinte de nuances orang\u00e9es et ros\u00e9es, cr\u00e9ant une atmosph\u00e8re paisible et harmonieuse entre nature et technologie. Prospection\"><\/div><div class=\"swiper-slide-inner\" ><div class=\"swiper-slide-contents\"><div class=\"elementor-slide-heading\">Actualit\u00e9s EnR<\/div><\/div><\/div><\/div>\t\t\t\t<\/div>\n\t\t\t\t\t\t\t<\/div>\n\t\t\t\t<\/div>\n\t\t\t\t\t\t\t\t<\/div>\n\t\t\t\t<\/div>\n\t\t            <\/div>\r\n        <\/div>\r\n        \t\t\t<\/div>\r\n\t\t<\/section>\r\n\t\t        <section class=\"elementor-section elementor-top-section elementor-element elementor-element-23a7c9f elementor-section-boxed elementor-section-height-default elementor-section-height-default cms-boxed-bg-false\" data-id=\"23a7c9f\" data-element_type=\"section\" data-e-type=\"section\">\r\n\t\t\r\n\t\t<div class=\"cms-section-boxed-bg\"><\/div>        <div class=\"elementor-container elementor-column-gap-default\" >\r\n\t\t        <div class=\"elementor-column elementor-col-100 elementor-top-column elementor-element elementor-element-8aaa814\" data-id=\"8aaa814\" data-element_type=\"column\" data-e-type=\"column\">\r\n            <div class=\"elementor-widget-wrap elementor-element-populated\">\r\n                \t\t<div class=\"elementor-element elementor-element-e651da8 cms-slick-nav-out-vertical cms-slick-nav-color-616161 cms-slick-nav-color-hover-primary cms-slick-dots-in cms-slick-dots-color-616161 cms-slick-dots-align-center cms-slick-nav-style-default cms-post-layout-1 elementor-widget elementor-widget-cms_post_carousel\" data-id=\"e651da8\" data-element_type=\"widget\" data-e-type=\"widget\" data-widget_type=\"cms_post_carousel.default\">\n\t\t\t\t<div class=\"elementor-widget-container\">\n\t\t\t\t\t<div class=\"cms-slick-sliders\">\n        <div class=\"cms-slick-slider-wrap\">\n        <div class=\"cms-slick-slider\" data-fade=\"false\" data-rows=\"1\" data-rowstablet=\"1\" data-rowsmobile=\"1\" data-arrows=\"true\" data-arrowstablet=\"false\" data-arrowsmobile=\"false\" data-dots=\"true\" data-dotstablet=\"true\" data-dotsmobile=\"true\" data-pauseonhover=\"true\" data-autoplay=\"\" data-autoplayspeed=\"6000\" data-infinite=\"true\" data-speed=\"500\" data-slidestoshow=\"3\" data-slidestoshowtablet=\"2\" data-slidestoshowmobile=\"1\" data-slidestoscroll=\"3\" data-slidestoscrolltablet=\"2\" data-slidestoscrollmobile=\"1\" data-gutter=\"20\" data-rtl=\"false\" dir=\"ltr\" data-asnavfor=\"\" data-titlenext=\"Next\" data-titleprev=\"Prev\" style=\"margin-left:-20px;margin-right:-20px;\">\n                        <div class=\"cms-slick-slide\" style=\"padding: 20px; margin-bottom: 0px\">\n                                    <div class=\"cms-item-content cms-radius-8 cms-shadow-hover-4 cms-transition clearfix\">    <div class=\"cms-featured cms-post-standard  cms-radius-8\"><div class=\"cms-featured-inner relative\">            <div class=\"post-image cms-post-image\">\r\n                <a href=\"https:\/\/apalmw.com\/en\/ppe-3-la-nouvelle-strategie-energetique-de-la-france\/\"><img loading=\"lazy\" decoding=\"async\" width=\"300\" height=\"300\" src=\"https:\/\/apalmw.com\/wp-content\/uploads\/2026\/02\/1-300x300.avif\" class=\"w-100 cms-radius-10 cms-img not-transparent\" alt=\"\" srcset=\"https:\/\/apalmw.com\/wp-content\/uploads\/2026\/02\/1-300x300.avif 300w, https:\/\/apalmw.com\/wp-content\/uploads\/2026\/02\/1-570x570.avif 570w, https:\/\/apalmw.com\/wp-content\/uploads\/2026\/02\/1-100x100.avif 100w\" sizes=\"(max-width: 300px) 100vw, 300px\" data-has-transparency=\"false\" data-dominant-color=\"616374\" style=\"--dominant-color: #616374;\" \/><\/a>\r\n            <\/div>\r\n            <span class=\"cms-post-feature-cat\"><a href=\"https:\/\/apalmw.com\/en\/category\/agri\/\" rel=\"tag\">Agrivolta\u00efsme<\/a>, <a href=\"https:\/\/apalmw.com\/en\/category\/apal-mw\/\" rel=\"tag\">APAL MW<\/a>, <a href=\"https:\/\/apalmw.com\/en\/category\/battery\/\" rel=\"tag\">Battery<\/a>, <a href=\"https:\/\/apalmw.com\/en\/category\/energie\/\" rel=\"tag\">\u00c9nergie<\/a>, <a href=\"https:\/\/apalmw.com\/en\/category\/eolien\/\" rel=\"tag\">\u00c9olien<\/a>, <a href=\"https:\/\/apalmw.com\/en\/category\/evenement\/\" rel=\"tag\">Ev\u00e8nement<\/a>, <a href=\"https:\/\/apalmw.com\/en\/category\/solaire\/\" rel=\"tag\">Solaire<\/a><\/span><\/div><\/div>\r\n                            <div class=\"cms-item-content-inner p-lr-15 p-lr-md-40 pt-40 pb-40 mt-n8\">\n                                        <div class=\"cms-post-meta pb-5 separator-divider\">\n                <div class=\"cms-post-meta-inner row gutters-25\">\n                            <span class=\"cms-post-date col-auto\">\n                        <span>25\/02\/2026<\/span>\n        <\/span>\n                <span class=\"cms-post-author col-auto\">\n                        <a href=\"https:\/\/apalmw.com\/en\/\" title=\"apal_mw\">apal_mw<\/a>\n        <\/span>\n                    <\/div>\n            <\/div>\n                                    <div class=\"cms-item-content-title cms-heading text-20 lh-28 mb-25\">\n                                <a href=\"https:\/\/apalmw.com\/en\/ppe-3-la-nouvelle-strategie-energetique-de-la-france\/\">PPE 3 : planifier la d\u00e9carbonation de la France<\/a>\n                            <\/div>\n                            <div class=\"cms-item-content-excerpt mb-30\">Le 13 f\u00e9vrier 2026, le Gouvernement a publi\u00e9 la nouvelle \u00e9dition de la Programmation pluriannuelle de l\u2019\u00e9nergie (PPE 3) et son annexe la Strat\u00e9gie de...<\/div>\n                                                            <div class=\"cms-btn-wraps cms-post-item-readmore\">\n                                    <a href=\"https:\/\/apalmw.com\/en\/ppe-3-la-nouvelle-strategie-energetique-de-la-france\/\" class=\"btn btn-outline btn-primary btn-hover-accent\">\n                                        <span class=\"cms-btn-content\">\n                                            <span class=\"cms-btn-icon text-20 cmsi-arrow-circle-right\"><\/span>\n                                            <span class=\"cms-btn-text\">Lire plus<\/span>\n                                        <\/span>\n                                    <\/a>\n                                <\/div>\n                                                    <\/div>\n                    <\/div>\n                            <\/div>\n                    <div class=\"cms-slick-slide\" style=\"padding: 20px; margin-bottom: 0px\">\n                                    <div class=\"cms-item-content cms-radius-8 cms-shadow-hover-4 cms-transition clearfix\">    <div class=\"cms-featured cms-post-standard  cms-radius-8\"><div class=\"cms-featured-inner relative\">            <div class=\"post-image cms-post-image\">\r\n                <a href=\"https:\/\/apalmw.com\/en\/space-2025\/\"><img loading=\"lazy\" decoding=\"async\" width=\"300\" height=\"300\" src=\"https:\/\/apalmw.com\/wp-content\/uploads\/2025\/06\/PhotosBoutique3_4db7787e-a788-4a44-a9e3-3fcead1f1f25-300x300.avif\" class=\"w-100 cms-radius-10 cms-img not-transparent\" alt=\"\" srcset=\"https:\/\/apalmw.com\/wp-content\/uploads\/2025\/06\/PhotosBoutique3_4db7787e-a788-4a44-a9e3-3fcead1f1f25-300x300.avif 300w, https:\/\/apalmw.com\/wp-content\/uploads\/2025\/06\/PhotosBoutique3_4db7787e-a788-4a44-a9e3-3fcead1f1f25-570x570.avif 570w, https:\/\/apalmw.com\/wp-content\/uploads\/2025\/06\/PhotosBoutique3_4db7787e-a788-4a44-a9e3-3fcead1f1f25-1536x1536.avif 1536w, https:\/\/apalmw.com\/wp-content\/uploads\/2025\/06\/PhotosBoutique3_4db7787e-a788-4a44-a9e3-3fcead1f1f25-2048x2048.avif 2048w, https:\/\/apalmw.com\/wp-content\/uploads\/2025\/06\/PhotosBoutique3_4db7787e-a788-4a44-a9e3-3fcead1f1f25-12x12.avif 12w, https:\/\/apalmw.com\/wp-content\/uploads\/2025\/06\/PhotosBoutique3_4db7787e-a788-4a44-a9e3-3fcead1f1f25-500x500.avif 500w, https:\/\/apalmw.com\/wp-content\/uploads\/2025\/06\/PhotosBoutique3_4db7787e-a788-4a44-a9e3-3fcead1f1f25-600x600.avif 600w, https:\/\/apalmw.com\/wp-content\/uploads\/2025\/06\/PhotosBoutique3_4db7787e-a788-4a44-a9e3-3fcead1f1f25-100x100.avif 100w\" sizes=\"(max-width: 300px) 100vw, 300px\" data-has-transparency=\"false\" data-dominant-color=\"9a6c89\" style=\"--dominant-color: #9a6c89;\" \/><\/a>\r\n            <\/div>\r\n            <span class=\"cms-post-feature-cat\"><a href=\"https:\/\/apalmw.com\/en\/category\/agri\/\" rel=\"tag\">Agrivolta\u00efsme<\/a>, <a href=\"https:\/\/apalmw.com\/en\/category\/energie\/\" rel=\"tag\">\u00c9nergie<\/a>, <a href=\"https:\/\/apalmw.com\/en\/category\/evenement\/\" rel=\"tag\">Ev\u00e8nement<\/a><\/span><\/div><\/div>\r\n                            <div class=\"cms-item-content-inner p-lr-15 p-lr-md-40 pt-40 pb-40 mt-n8\">\n                                        <div class=\"cms-post-meta pb-5 separator-divider\">\n                <div class=\"cms-post-meta-inner row gutters-25\">\n                            <span class=\"cms-post-date col-auto\">\n                        <span>12\/08\/2025<\/span>\n        <\/span>\n                <span class=\"cms-post-author col-auto\">\n                        <a href=\"https:\/\/apalmw.com\/en\/\" title=\"apal_mw\">apal_mw<\/a>\n        <\/span>\n                    <\/div>\n            <\/div>\n                                    <div class=\"cms-item-content-title cms-heading text-20 lh-28 mb-25\">\n                                <a href=\"https:\/\/apalmw.com\/en\/space-2025\/\">SPACE 2025<\/a>\n                            <\/div>\n                            <div class=\"cms-item-content-excerpt mb-30\">SPACE 2025 \u2013 Salon International de l\u2019\u00c9levage Au c\u0153ur du Grand Ouest, grande r\u00e9gion d\u2019\u00e9levage en Europe, le SPACE vous accueillera du\u00a016 au 18 septembre...<\/div>\n                                                            <div class=\"cms-btn-wraps cms-post-item-readmore\">\n                                    <a href=\"https:\/\/apalmw.com\/en\/space-2025\/\" class=\"btn btn-outline btn-primary btn-hover-accent\">\n                                        <span class=\"cms-btn-content\">\n                                            <span class=\"cms-btn-icon text-20 cmsi-arrow-circle-right\"><\/span>\n                                            <span class=\"cms-btn-text\">Lire plus<\/span>\n                                        <\/span>\n                                    <\/a>\n                                <\/div>\n                                                    <\/div>\n                    <\/div>\n                            <\/div>\n                    <div class=\"cms-slick-slide\" style=\"padding: 20px; margin-bottom: 0px\">\n                                    <div class=\"cms-item-content cms-radius-8 cms-shadow-hover-4 cms-transition clearfix\">    <div class=\"cms-featured cms-post-standard  cms-radius-8\"><div class=\"cms-featured-inner relative\">            <div class=\"post-image cms-post-image\">\r\n                <a href=\"https:\/\/apalmw.com\/en\/colloque-annuel-france-renouvelable\/\"><img loading=\"lazy\" decoding=\"async\" width=\"300\" height=\"300\" src=\"https:\/\/apalmw.com\/wp-content\/uploads\/2025\/07\/banniere25_1500x500_V3-scaled-1-300x300.avif\" class=\"w-100 cms-radius-10 cms-img not-transparent\" alt=\"Banni\u00e8re colloque national de France renouvelable 2025\" srcset=\"https:\/\/apalmw.com\/wp-content\/uploads\/2025\/07\/banniere25_1500x500_V3-scaled-1-300x300.avif 300w, https:\/\/apalmw.com\/wp-content\/uploads\/2025\/07\/banniere25_1500x500_V3-scaled-1-570x570.avif 570w, https:\/\/apalmw.com\/wp-content\/uploads\/2025\/07\/banniere25_1500x500_V3-scaled-1-100x100.avif 100w\" sizes=\"(max-width: 300px) 100vw, 300px\" data-has-transparency=\"false\" data-dominant-color=\"bc7b7a\" style=\"--dominant-color: #bc7b7a;\" \/><\/a>\r\n            <\/div>\r\n            <span class=\"cms-post-feature-cat\"><a href=\"https:\/\/apalmw.com\/en\/category\/energie\/\" rel=\"tag\">\u00c9nergie<\/a>, <a href=\"https:\/\/apalmw.com\/en\/category\/evenement\/\" rel=\"tag\">Ev\u00e8nement<\/a><\/span><\/div><\/div>\r\n                            <div class=\"cms-item-content-inner p-lr-15 p-lr-md-40 pt-40 pb-40 mt-n8\">\n                                        <div class=\"cms-post-meta pb-5 separator-divider\">\n                <div class=\"cms-post-meta-inner row gutters-25\">\n                            <span class=\"cms-post-date col-auto\">\n                        <span>18\/07\/2025<\/span>\n        <\/span>\n                <span class=\"cms-post-author col-auto\">\n                        <a href=\"https:\/\/apalmw.com\/en\/\" title=\"apal_mw\">apal_mw<\/a>\n        <\/span>\n                    <\/div>\n            <\/div>\n                                    <div class=\"cms-item-content-title cms-heading text-20 lh-28 mb-25\">\n                                <a href=\"https:\/\/apalmw.com\/en\/colloque-annuel-france-renouvelable\/\">Colloque annuel France Renouvelable<\/a>\n                            <\/div>\n                            <div class=\"cms-item-content-excerpt mb-30\">15\u00e8me Colloque National de France Renouvelables \ud83c\udf3f Colloque National de France Renouvelables 2025 : l\u2019\u00e9v\u00e9nement incontournable de la transition \u00e9nerg\u00e9tique \ud83d\udcc5\u00a0Dates\u00a0: 15 et 16 octobre...<\/div>\n                                                            <div class=\"cms-btn-wraps cms-post-item-readmore\">\n                                    <a href=\"https:\/\/apalmw.com\/en\/colloque-annuel-france-renouvelable\/\" class=\"btn btn-outline btn-primary btn-hover-accent\">\n                                        <span class=\"cms-btn-content\">\n                                            <span class=\"cms-btn-icon text-20 cmsi-arrow-circle-right\"><\/span>\n                                            <span class=\"cms-btn-text\">Lire plus<\/span>\n                                        <\/span>\n                                    <\/a>\n                                <\/div>\n                                                    <\/div>\n                    <\/div>\n                            <\/div>\n                    <div class=\"cms-slick-slide\" style=\"padding: 20px; margin-bottom: 0px\">\n                                    <div class=\"cms-item-content cms-radius-8 cms-shadow-hover-4 cms-transition clearfix\">    <div class=\"cms-featured cms-post-standard  cms-radius-8\"><div class=\"cms-featured-inner relative\">            <div class=\"post-image cms-post-image\">\r\n                <a href=\"https:\/\/apalmw.com\/en\/panorama-de-l-ectricite-renouvelable-2024\/\"><img loading=\"lazy\" decoding=\"async\" width=\"300\" height=\"300\" src=\"https:\/\/apalmw.com\/wp-content\/uploads\/2025\/06\/panoramas-de-lelectricite-renouvelable-2024-300x300.avif\" class=\"w-100 cms-radius-10 cms-img has-transparency\" alt=\"panoramas de l\u2019\u00e9lectricit\u00e9 renouvelable 2024\" srcset=\"https:\/\/apalmw.com\/wp-content\/uploads\/2025\/06\/panoramas-de-lelectricite-renouvelable-2024-300x300.avif 300w, https:\/\/apalmw.com\/wp-content\/uploads\/2025\/06\/panoramas-de-lelectricite-renouvelable-2024-570x570.avif 570w, https:\/\/apalmw.com\/wp-content\/uploads\/2025\/06\/panoramas-de-lelectricite-renouvelable-2024-12x12.avif 12w, https:\/\/apalmw.com\/wp-content\/uploads\/2025\/06\/panoramas-de-lelectricite-renouvelable-2024-100x100.avif 100w\" sizes=\"(max-width: 300px) 100vw, 300px\" data-has-transparency=\"true\" data-dominant-color=\"7c8d9b\" style=\"--dominant-color: #7c8d9b;\" \/><\/a>\r\n            <\/div>\r\n            <span class=\"cms-post-feature-cat\"><a href=\"https:\/\/apalmw.com\/en\/category\/energie\/\" rel=\"tag\">\u00c9nergie<\/a><\/span><\/div><\/div>\r\n                            <div class=\"cms-item-content-inner p-lr-15 p-lr-md-40 pt-40 pb-40 mt-n8\">\n                                        <div class=\"cms-post-meta pb-5 separator-divider\">\n                <div class=\"cms-post-meta-inner row gutters-25\">\n                            <span class=\"cms-post-date col-auto\">\n                        <span>26\/06\/2025<\/span>\n        <\/span>\n                <span class=\"cms-post-author col-auto\">\n                        <a href=\"https:\/\/apalmw.com\/en\/\" title=\"apal_mw\">apal_mw<\/a>\n        <\/span>\n                    <\/div>\n            <\/div>\n                                    <div class=\"cms-item-content-title cms-heading text-20 lh-28 mb-25\">\n                                <a href=\"https:\/\/apalmw.com\/en\/panorama-de-l-ectricite-renouvelable-2024\/\">Panorama de l\u2019\u00e9lectricit\u00e9 renouvelable 2024 : une ann\u00e9e de consolidation et de transition.<\/a>\n                            <\/div>\n                            <div class=\"cms-item-content-excerpt mb-30\">Panorama de l\u2019\u00e9lectricit\u00e9 renouvelable 2024 Publi\u00e9 en juin 2025, le Panorama de l\u2019\u00e9lectricit\u00e9 renouvelable 2024 dresse un \u00e9tat des lieux complet de la production d\u2019\u00e9lectricit\u00e9...<\/div>\n                                                            <div class=\"cms-btn-wraps cms-post-item-readmore\">\n                                    <a href=\"https:\/\/apalmw.com\/en\/panorama-de-l-ectricite-renouvelable-2024\/\" class=\"btn btn-outline btn-primary btn-hover-accent\">\n                                        <span class=\"cms-btn-content\">\n                                            <span class=\"cms-btn-icon text-20 cmsi-arrow-circle-right\"><\/span>\n                                            <span class=\"cms-btn-text\">Lire plus<\/span>\n                                        <\/span>\n                                    <\/a>\n                                <\/div>\n                                                    <\/div>\n                    <\/div>\n                            <\/div>\n                    <div class=\"cms-slick-slide\" style=\"padding: 20px; margin-bottom: 0px\">\n                                    <div class=\"cms-item-content cms-radius-8 cms-shadow-hover-4 cms-transition clearfix\">    <div class=\"cms-featured cms-post-standard  cms-radius-8\"><div class=\"cms-featured-inner relative\">            <div class=\"post-image cms-post-image\">\r\n                <a href=\"https:\/\/apalmw.com\/en\/eco2mix-les-chiffres-cles-de-lelectricite\/\"><img loading=\"lazy\" decoding=\"async\" width=\"300\" height=\"300\" src=\"https:\/\/apalmw.com\/wp-content\/uploads\/2025\/06\/eco2mix-300x300.avif\" class=\"w-100 cms-radius-10 cms-img has-transparency\" alt=\"\" srcset=\"https:\/\/apalmw.com\/wp-content\/uploads\/2025\/06\/eco2mix-300x300.avif 300w, https:\/\/apalmw.com\/wp-content\/uploads\/2025\/06\/eco2mix-12x12.avif 12w, https:\/\/apalmw.com\/wp-content\/uploads\/2025\/06\/eco2mix-500x500.avif 500w, https:\/\/apalmw.com\/wp-content\/uploads\/2025\/06\/eco2mix-100x100.avif 100w, https:\/\/apalmw.com\/wp-content\/uploads\/2025\/06\/eco2mix.avif 512w\" sizes=\"(max-width: 300px) 100vw, 300px\" data-has-transparency=\"true\" data-dominant-color=\"38b0e3\" style=\"--dominant-color: #38b0e3;\" \/><\/a>\r\n            <\/div>\r\n            <span class=\"cms-post-feature-cat\"><a href=\"https:\/\/apalmw.com\/en\/category\/energie\/\" rel=\"tag\">\u00c9nergie<\/a><\/span><\/div><\/div>\r\n                            <div class=\"cms-item-content-inner p-lr-15 p-lr-md-40 pt-40 pb-40 mt-n8\">\n                                        <div class=\"cms-post-meta pb-5 separator-divider\">\n                <div class=\"cms-post-meta-inner row gutters-25\">\n                            <span class=\"cms-post-date col-auto\">\n                        <span>03\/06\/2025<\/span>\n        <\/span>\n                <span class=\"cms-post-author col-auto\">\n                        <a href=\"https:\/\/apalmw.com\/en\/\" title=\"apal_mw\">apal_mw<\/a>\n        <\/span>\n                    <\/div>\n            <\/div>\n                                    <div class=\"cms-item-content-title cms-heading text-20 lh-28 mb-25\">\n                                <a href=\"https:\/\/apalmw.com\/en\/eco2mix-les-chiffres-cles-de-lelectricite\/\">\u00e9CO2mix &#8211; Les chiffres cl\u00e9s de l&#8217;\u00e9lectricit\u00e9<\/a>\n                            <\/div>\n                            <div class=\"cms-item-content-excerpt mb-30\">\u00e9CO2mix &#8211; Les chiffres cl\u00e9s de l&#8217;\u00e9lectricit\u00e9 Suivre et comprendre les chiffres-cl\u00e9s nationaux et r\u00e9gionaux RTE vous propose des chiffres-cl\u00e9s nationaux et r\u00e9gionaux (Corse non...<\/div>\n                                                            <div class=\"cms-btn-wraps cms-post-item-readmore\">\n                                    <a href=\"https:\/\/apalmw.com\/en\/eco2mix-les-chiffres-cles-de-lelectricite\/\" class=\"btn btn-outline btn-primary btn-hover-accent\">\n                                        <span class=\"cms-btn-content\">\n                                            <span class=\"cms-btn-icon text-20 cmsi-arrow-circle-right\"><\/span>\n                                            <span class=\"cms-btn-text\">Lire plus<\/span>\n                                        <\/span>\n                                    <\/a>\n                                <\/div>\n                                                    <\/div>\n                    <\/div>\n                            <\/div>\n                    <div class=\"cms-slick-slide\" style=\"padding: 20px; margin-bottom: 0px\">\n                                    <div class=\"cms-item-content cms-radius-8 cms-shadow-hover-4 cms-transition clearfix\">    <div class=\"cms-featured cms-post-standard  cms-radius-8\"><div class=\"cms-featured-inner relative\">            <div class=\"post-image cms-post-image\">\r\n                <a href=\"https:\/\/apalmw.com\/en\/record-14-gw-raccordes-au-1er-trimestre\/\"><img loading=\"lazy\" decoding=\"async\" width=\"300\" height=\"300\" src=\"https:\/\/apalmw.com\/wp-content\/uploads\/037-hydro-power-300x300.png\" class=\"w-100 cms-radius-10 cms-img\" alt=\"\" srcset=\"https:\/\/apalmw.com\/wp-content\/uploads\/037-hydro-power-300x300.png 300w, https:\/\/apalmw.com\/wp-content\/uploads\/037-hydro-power-100x100.png 100w, https:\/\/apalmw.com\/wp-content\/uploads\/037-hydro-power-12x12.png 12w, https:\/\/apalmw.com\/wp-content\/uploads\/037-hydro-power-500x500.png 500w, https:\/\/apalmw.com\/wp-content\/uploads\/037-hydro-power.png 512w\" sizes=\"(max-width: 300px) 100vw, 300px\" \/><\/a>\r\n            <\/div>\r\n            <span class=\"cms-post-feature-cat\"><a href=\"https:\/\/apalmw.com\/en\/category\/energie\/\" rel=\"tag\">\u00c9nergie<\/a>, <a href=\"https:\/\/apalmw.com\/en\/category\/solaire\/\" rel=\"tag\">Solaire<\/a><\/span><\/div><\/div>\r\n                            <div class=\"cms-item-content-inner p-lr-15 p-lr-md-40 pt-40 pb-40 mt-n8\">\n                                        <div class=\"cms-post-meta pb-5 separator-divider\">\n                <div class=\"cms-post-meta-inner row gutters-25\">\n                            <span class=\"cms-post-date col-auto\">\n                        <span>28\/04\/2025<\/span>\n        <\/span>\n                <span class=\"cms-post-author col-auto\">\n                        <a href=\"https:\/\/apalmw.com\/en\/\" title=\"apal_mw\">apal_mw<\/a>\n        <\/span>\n                    <\/div>\n            <\/div>\n                                    <div class=\"cms-item-content-title cms-heading text-20 lh-28 mb-25\">\n                                <a href=\"https:\/\/apalmw.com\/en\/record-14-gw-raccordes-au-1er-trimestre\/\">Record: 1,4 GW raccord\u00e9s au 1er trimestre !<\/a>\n                            <\/div>\n                            <div class=\"cms-item-content-excerpt mb-30\">Record solaire en France : 1,4 GW raccord\u00e9s au 1er trimestre 2025 Une acc\u00e9l\u00e9ration historique de l\u2019\u00e9nergie solaire La France a franchi un cap majeur...<\/div>\n                                                            <div class=\"cms-btn-wraps cms-post-item-readmore\">\n                                    <a href=\"https:\/\/apalmw.com\/en\/record-14-gw-raccordes-au-1er-trimestre\/\" class=\"btn btn-outline btn-primary btn-hover-accent\">\n                                        <span class=\"cms-btn-content\">\n                                            <span class=\"cms-btn-icon text-20 cmsi-arrow-circle-right\"><\/span>\n                                            <span class=\"cms-btn-text\">Lire plus<\/span>\n                                        <\/span>\n                                    <\/a>\n                                <\/div>\n                                                    <\/div>\n                    <\/div>\n                            <\/div>\n                    <div class=\"cms-slick-slide\" style=\"padding: 20px; margin-bottom: 0px\">\n                                    <div class=\"cms-item-content cms-radius-8 cms-shadow-hover-4 cms-transition clearfix\">    <div class=\"cms-featured cms-post-standard  cms-radius-8\"><div class=\"cms-featured-inner relative\">            <div class=\"post-image cms-post-image\">\r\n                <a href=\"https:\/\/apalmw.com\/en\/assises-cote-d-or\/\"><img loading=\"lazy\" decoding=\"async\" width=\"300\" height=\"300\" src=\"https:\/\/apalmw.com\/wp-content\/uploads\/2025\/02\/assises-300x300.webp\" class=\"w-100 cms-radius-10 cms-img not-transparent\" alt=\"Les Assises Fran\u00e7aises de l\u2019Agrivolta\u00efsme sont un \u00e9v\u00e9nement majeur pour discuter de l&#039;avenir de l&#039;agrivolta\u00efsme en France.\" srcset=\"https:\/\/apalmw.com\/wp-content\/uploads\/2025\/02\/assises-300x300.webp 300w, https:\/\/apalmw.com\/wp-content\/uploads\/2025\/02\/assises-100x100.webp 100w\" sizes=\"(max-width: 300px) 100vw, 300px\" data-has-transparency=\"false\" data-dominant-color=\"cbd2c1\" style=\"--dominant-color: #cbd2c1;\" \/><\/a>\r\n            <\/div>\r\n            <span class=\"cms-post-feature-cat\"><a href=\"https:\/\/apalmw.com\/en\/category\/agri\/\" rel=\"tag\">Agrivolta\u00efsme<\/a>, <a href=\"https:\/\/apalmw.com\/en\/category\/apal-mw\/\" rel=\"tag\">APAL MW<\/a><\/span><\/div><\/div>\r\n                            <div class=\"cms-item-content-inner p-lr-15 p-lr-md-40 pt-40 pb-40 mt-n8\">\n                                        <div class=\"cms-post-meta pb-5 separator-divider\">\n                <div class=\"cms-post-meta-inner row gutters-25\">\n                            <span class=\"cms-post-date col-auto\">\n                        <span>20\/02\/2025<\/span>\n        <\/span>\n                <span class=\"cms-post-author col-auto\">\n                        <a href=\"https:\/\/apalmw.com\/en\/\" title=\"apal_mw\">apal_mw<\/a>\n        <\/span>\n                    <\/div>\n            <\/div>\n                                    <div class=\"cms-item-content-title cms-heading text-20 lh-28 mb-25\">\n                                <a href=\"https:\/\/apalmw.com\/en\/assises-cote-d-or\/\">\u00a0Synth\u00e8se des Assises Fran\u00e7aises de l&#8217;Agrivolta\u00efsme<\/a>\n                            <\/div>\n                            <div class=\"cms-item-content-excerpt mb-30\">\u00a0Synth\u00e8se des Assises Fran\u00e7aises de l&#8217;Agrivolta\u00efsme \u2013 Palais des Congr\u00e8s de Dijon, 13 f\u00e9vrier 2025 Les Assises Fran\u00e7aises de l&#8217;Agrivolta\u00efsme, organis\u00e9es par la F\u00e9d\u00e9ration Fran\u00e7aise...<\/div>\n                                                            <div class=\"cms-btn-wraps cms-post-item-readmore\">\n                                    <a href=\"https:\/\/apalmw.com\/en\/assises-cote-d-or\/\" class=\"btn btn-outline btn-primary btn-hover-accent\">\n                                        <span class=\"cms-btn-content\">\n                                            <span class=\"cms-btn-icon text-20 cmsi-arrow-circle-right\"><\/span>\n                                            <span class=\"cms-btn-text\">Lire plus<\/span>\n                                        <\/span>\n                                    <\/a>\n                                <\/div>\n                                                    <\/div>\n                    <\/div>\n                            <\/div>\n                    <div class=\"cms-slick-slide\" style=\"padding: 20px; margin-bottom: 0px\">\n                                    <div class=\"cms-item-content cms-radius-8 cms-shadow-hover-4 cms-transition clearfix\">    <div class=\"cms-featured cms-post-standard  cms-radius-8\"><div class=\"cms-featured-inner relative\">            <div class=\"post-image cms-post-image\">\r\n                <a href=\"https:\/\/apalmw.com\/en\/production-chiffres-cles-des-energies-france\/\"><img loading=\"lazy\" decoding=\"async\" width=\"300\" height=\"300\" src=\"https:\/\/apalmw.com\/wp-content\/uploads\/2024\/08\/avant-propos-energie-300x300.avif\" class=\"w-100 cms-radius-10 cms-img not-transparent\" alt=\"Chiffres cl\u00e9s des \u00e9nergies renouvelables - \u00c9dition 2024 pr\u00e9sente des donn\u00e9es importantes sur les \u00e9nergies renouvelables en France.\" srcset=\"https:\/\/apalmw.com\/wp-content\/uploads\/2024\/08\/avant-propos-energie-300x300.avif 300w, https:\/\/apalmw.com\/wp-content\/uploads\/2024\/08\/avant-propos-energie-570x570.avif 570w, https:\/\/apalmw.com\/wp-content\/uploads\/2024\/08\/avant-propos-energie-100x100.avif 100w\" sizes=\"(max-width: 300px) 100vw, 300px\" data-has-transparency=\"false\" data-dominant-color=\"96bad9\" style=\"--dominant-color: #96bad9;\" \/><\/a>\r\n            <\/div>\r\n            <span class=\"cms-post-feature-cat\"><a href=\"https:\/\/apalmw.com\/en\/category\/agri\/\" rel=\"tag\">Agrivolta\u00efsme<\/a>, <a href=\"https:\/\/apalmw.com\/en\/category\/energie\/\" rel=\"tag\">\u00c9nergie<\/a>, <a href=\"https:\/\/apalmw.com\/en\/category\/eolien\/\" rel=\"tag\">\u00c9olien<\/a>, <a href=\"https:\/\/apalmw.com\/en\/category\/solaire\/\" rel=\"tag\">Solaire<\/a><\/span><\/div><\/div>\r\n                            <div class=\"cms-item-content-inner p-lr-15 p-lr-md-40 pt-40 pb-40 mt-n8\">\n                                        <div class=\"cms-post-meta pb-5 separator-divider\">\n                <div class=\"cms-post-meta-inner row gutters-25\">\n                            <span class=\"cms-post-date col-auto\">\n                        <span>30\/08\/2024<\/span>\n        <\/span>\n                <span class=\"cms-post-author col-auto\">\n                        <a href=\"\" title=\"apalmw_news\">apalmw_news<\/a>\n        <\/span>\n                    <\/div>\n            <\/div>\n                                    <div class=\"cms-item-content-title cms-heading text-20 lh-28 mb-25\">\n                                <a href=\"https:\/\/apalmw.com\/en\/production-chiffres-cles-des-energies-france\/\">Chiffres cl\u00e9s des \u00e9nergies renouvelables &#8211; \u00c9dition 2024<\/a>\n                            <\/div>\n                            <div class=\"cms-item-content-excerpt mb-30\">Chiffres cl\u00e9s des \u00e9nergies renouvelables Actuellement, la production d&#8217;\u00e9nergie en France utilise un \u00e9ventail de sources renouvelables telles que le solaire, l&#8217;\u00e9olien,le biogaz et la...<\/div>\n                                                            <div class=\"cms-btn-wraps cms-post-item-readmore\">\n                                    <a href=\"https:\/\/apalmw.com\/en\/production-chiffres-cles-des-energies-france\/\" class=\"btn btn-outline btn-primary btn-hover-accent\">\n                                        <span class=\"cms-btn-content\">\n                                            <span class=\"cms-btn-icon text-20 cmsi-arrow-circle-right\"><\/span>\n                                            <span class=\"cms-btn-text\">Lire plus<\/span>\n                                        <\/span>\n                                    <\/a>\n                                <\/div>\n                                                    <\/div>\n                    <\/div>\n                            <\/div>\n                    <div class=\"cms-slick-slide\" style=\"padding: 20px; margin-bottom: 0px\">\n                                    <div class=\"cms-item-content cms-radius-8 cms-shadow-hover-4 cms-transition clearfix\">    <div class=\"cms-featured cms-post-standard  cms-radius-8\"><div class=\"cms-featured-inner relative\">            <div class=\"post-image cms-post-image\">\r\n                <a href=\"https:\/\/apalmw.com\/en\/acceleration-des-energies-renouvelables\/\"><img loading=\"lazy\" decoding=\"async\" width=\"300\" height=\"300\" src=\"https:\/\/apalmw.com\/wp-content\/uploads\/2020\/12\/APAL_MW_energie_solaire_6-300x300.jpg\" class=\"w-100 cms-radius-10 cms-img\" alt=\"L&#039;image montre une main touchant ou inspectant un panneau solaire. Le panneau solaire est r\u00e9fl\u00e9chissant et compos\u00e9 de plusieurs cellules photovolta\u00efques dispos\u00e9es en grille. En arri\u00e8re-plan, on voit un ciel bleu avec quelques nuages.\" srcset=\"https:\/\/apalmw.com\/wp-content\/uploads\/2020\/12\/APAL_MW_energie_solaire_6-300x300.jpg 300w, https:\/\/apalmw.com\/wp-content\/uploads\/2020\/12\/APAL_MW_energie_solaire_6-570x570.jpg 570w, https:\/\/apalmw.com\/wp-content\/uploads\/2020\/12\/APAL_MW_energie_solaire_6-12x12.jpg 12w, https:\/\/apalmw.com\/wp-content\/uploads\/2020\/12\/APAL_MW_energie_solaire_6-500x500.jpg 500w, https:\/\/apalmw.com\/wp-content\/uploads\/2020\/12\/APAL_MW_energie_solaire_6-600x600.jpg 600w, https:\/\/apalmw.com\/wp-content\/uploads\/2020\/12\/APAL_MW_energie_solaire_6-100x100.jpg 100w, https:\/\/apalmw.com\/wp-content\/uploads\/2020\/12\/APAL_MW_energie_solaire_6.jpg 1200w\" sizes=\"(max-width: 300px) 100vw, 300px\" \/><\/a>\r\n            <\/div>\r\n            <span class=\"cms-post-feature-cat\"><a href=\"https:\/\/apalmw.com\/en\/category\/energie\/\" rel=\"tag\">\u00c9nergie<\/a>, <a href=\"https:\/\/apalmw.com\/en\/category\/eolien\/\" rel=\"tag\">\u00c9olien<\/a>, <a href=\"https:\/\/apalmw.com\/en\/category\/solaire\/\" rel=\"tag\">Solaire<\/a><\/span><\/div><\/div>\r\n                            <div class=\"cms-item-content-inner p-lr-15 p-lr-md-40 pt-40 pb-40 mt-n8\">\n                                        <div class=\"cms-post-meta pb-5 separator-divider\">\n                <div class=\"cms-post-meta-inner row gutters-25\">\n                            <span class=\"cms-post-date col-auto\">\n                        <span>05\/07\/2023<\/span>\n        <\/span>\n                <span class=\"cms-post-author col-auto\">\n                        <a href=\"https:\/\/apalmw.com\/en\/\" title=\"apal_mw\">apal_mw<\/a>\n        <\/span>\n                    <\/div>\n            <\/div>\n                                    <div class=\"cms-item-content-title cms-heading text-20 lh-28 mb-25\">\n                                <a href=\"https:\/\/apalmw.com\/en\/acceleration-des-energies-renouvelables\/\">Acc\u00e9l\u00e9ration des \u00e9nergies renouvelables<\/a>\n                            <\/div>\n                            <div class=\"cms-item-content-excerpt mb-30\">Acc\u00e9l\u00e9ration des \u00e9nergies renouvelables : Agn\u00e8s Pannier-Runacher d\u00e9signe plus de 1GW de projets laur\u00e9ats de l&#8217;appel d&#8217;offres \u00e9olien terrestre Le Mercredi 5 juillet 2023 (source...<\/div>\n                                                            <div class=\"cms-btn-wraps cms-post-item-readmore\">\n                                    <a href=\"https:\/\/apalmw.com\/en\/acceleration-des-energies-renouvelables\/\" class=\"btn btn-outline btn-primary btn-hover-accent\">\n                                        <span class=\"cms-btn-content\">\n                                            <span class=\"cms-btn-icon text-20 cmsi-arrow-circle-right\"><\/span>\n                                            <span class=\"cms-btn-text\">Lire plus<\/span>\n                                        <\/span>\n                                    <\/a>\n                                <\/div>\n                                                    <\/div>\n                    <\/div>\n                            <\/div>\n                    <div class=\"cms-slick-slide\" style=\"padding: 20px; margin-bottom: 0px\">\n                                    <div class=\"cms-item-content cms-radius-8 cms-shadow-hover-4 cms-transition clearfix\">    <div class=\"cms-featured cms-post-standard  cms-radius-8\"><div class=\"cms-featured-inner relative\">            <div class=\"post-image cms-post-image\">\r\n                <a href=\"https:\/\/apalmw.com\/en\/planification-des-energies-renouvelables\/\"><img loading=\"lazy\" decoding=\"async\" width=\"300\" height=\"300\" src=\"https:\/\/apalmw.com\/wp-content\/uploads\/2020\/12\/APAL_MW_energie_solaire_2-300x300.jpg\" class=\"w-100 cms-radius-10 cms-img\" alt=\"L&#039;image montre une personne portant un casque de s\u00e9curit\u00e9 jaune et un gilet de s\u00e9curit\u00e9 r\u00e9fl\u00e9chissant se tenant au premier plan. En arri\u00e8re-plan, il y a des \u00e9oliennes et des panneaux solaires install\u00e9s sur un champ. Une autre personne est visible en arri\u00e8re-plan, pointant vers les \u00e9oliennes. Le ciel est nuageux et le cadre semble \u00eatre un site ext\u00e9rieur d\u00e9di\u00e9 aux \u00e9nergies renouvelables.\" srcset=\"https:\/\/apalmw.com\/wp-content\/uploads\/2020\/12\/APAL_MW_energie_solaire_2-300x300.jpg 300w, https:\/\/apalmw.com\/wp-content\/uploads\/2020\/12\/APAL_MW_energie_solaire_2-570x570.jpg 570w, https:\/\/apalmw.com\/wp-content\/uploads\/2020\/12\/APAL_MW_energie_solaire_2-12x12.jpg 12w, https:\/\/apalmw.com\/wp-content\/uploads\/2020\/12\/APAL_MW_energie_solaire_2-500x500.jpg 500w, https:\/\/apalmw.com\/wp-content\/uploads\/2020\/12\/APAL_MW_energie_solaire_2-600x600.jpg 600w, https:\/\/apalmw.com\/wp-content\/uploads\/2020\/12\/APAL_MW_energie_solaire_2-100x100.jpg 100w, https:\/\/apalmw.com\/wp-content\/uploads\/2020\/12\/APAL_MW_energie_solaire_2.jpg 1200w\" sizes=\"(max-width: 300px) 100vw, 300px\" \/><\/a>\r\n            <\/div>\r\n            <span class=\"cms-post-feature-cat\"><a href=\"https:\/\/apalmw.com\/en\/category\/energie\/\" rel=\"tag\">\u00c9nergie<\/a>, <a href=\"https:\/\/apalmw.com\/en\/category\/eolien\/\" rel=\"tag\">\u00c9olien<\/a>, <a href=\"https:\/\/apalmw.com\/en\/category\/solaire\/\" rel=\"tag\">Solaire<\/a><\/span><\/div><\/div>\r\n                            <div class=\"cms-item-content-inner p-lr-15 p-lr-md-40 pt-40 pb-40 mt-n8\">\n                                        <div class=\"cms-post-meta pb-5 separator-divider\">\n                <div class=\"cms-post-meta-inner row gutters-25\">\n                            <span class=\"cms-post-date col-auto\">\n                        <span>30\/06\/2023<\/span>\n        <\/span>\n                <span class=\"cms-post-author col-auto\">\n                        <a href=\"https:\/\/apalmw.com\/en\/\" title=\"apal_mw\">apal_mw<\/a>\n        <\/span>\n                    <\/div>\n            <\/div>\n                                    <div class=\"cms-item-content-title cms-heading text-20 lh-28 mb-25\">\n                                <a href=\"https:\/\/apalmw.com\/en\/planification-des-energies-renouvelables\/\">Planification des \u00e9nergies renouvelables et donn\u00e9es<\/a>\n                            <\/div>\n                            <div class=\"cms-item-content-excerpt mb-30\">Department of Energy, which is why we have funded six teams to improve technologies that will protect eagles sharing airspace with the new wind turbines<\/div>\n                                                            <div class=\"cms-btn-wraps cms-post-item-readmore\">\n                                    <a href=\"https:\/\/apalmw.com\/en\/planification-des-energies-renouvelables\/\" class=\"btn btn-outline btn-primary btn-hover-accent\">\n                                        <span class=\"cms-btn-content\">\n                                            <span class=\"cms-btn-icon text-20 cmsi-arrow-circle-right\"><\/span>\n                                            <span class=\"cms-btn-text\">Lire plus<\/span>\n                                        <\/span>\n                                    <\/a>\n                                <\/div>\n                                                    <\/div>\n                    <\/div>\n                            <\/div>\n                    <div class=\"cms-slick-slide\" style=\"padding: 20px; margin-bottom: 0px\">\n                                    <div class=\"cms-item-content cms-radius-8 cms-shadow-hover-4 cms-transition clearfix\">    <div class=\"cms-featured cms-post-standard  cms-radius-8\"><div class=\"cms-featured-inner relative\">            <div class=\"post-image cms-post-image\">\r\n                <a href=\"https:\/\/apalmw.com\/en\/inflation_et_problemes_logistiques\/\"><img loading=\"lazy\" decoding=\"async\" width=\"300\" height=\"300\" src=\"https:\/\/apalmw.com\/wp-content\/uploads\/solatec-23-l-300x300.jpg\" class=\"w-100 cms-radius-10 cms-img\" alt=\"\" srcset=\"https:\/\/apalmw.com\/wp-content\/uploads\/solatec-23-l-300x300.jpg 300w, https:\/\/apalmw.com\/wp-content\/uploads\/solatec-23-l-100x100.jpg 100w, https:\/\/apalmw.com\/wp-content\/uploads\/solatec-23-l-570x570.jpg 570w\" sizes=\"(max-width: 300px) 100vw, 300px\" \/><\/a>\r\n            <\/div>\r\n            <span class=\"cms-post-feature-cat\"><a href=\"https:\/\/apalmw.com\/en\/category\/energie\/\" rel=\"tag\">\u00c9nergie<\/a>, <a href=\"https:\/\/apalmw.com\/en\/category\/eolien\/\" rel=\"tag\">\u00c9olien<\/a>, <a href=\"https:\/\/apalmw.com\/en\/category\/solaire\/\" rel=\"tag\">Solaire<\/a><\/span><\/div><\/div>\r\n                            <div class=\"cms-item-content-inner p-lr-15 p-lr-md-40 pt-40 pb-40 mt-n8\">\n                                        <div class=\"cms-post-meta pb-5 separator-divider\">\n                <div class=\"cms-post-meta-inner row gutters-25\">\n                            <span class=\"cms-post-date col-auto\">\n                        <span>26\/06\/2023<\/span>\n        <\/span>\n                <span class=\"cms-post-author col-auto\">\n                        <a href=\"https:\/\/apalmw.com\/en\/\" title=\"apal_mw\">apal_mw<\/a>\n        <\/span>\n                    <\/div>\n            <\/div>\n                                    <div class=\"cms-item-content-title cms-heading text-20 lh-28 mb-25\">\n                                <a href=\"https:\/\/apalmw.com\/en\/inflation_et_problemes_logistiques\/\">Eolien : \u00ab L\u2019inflation et les probl\u00e8mes logistiques sont en train de fragiliser tout le secteur \u00bb<\/a>\n                            <\/div>\n                            <div class=\"cms-item-content-excerpt mb-30\">All of these factors are important to consider when permitting your solar system, and can help streamline your process. Take the time to consider these...<\/div>\n                                                            <div class=\"cms-btn-wraps cms-post-item-readmore\">\n                                    <a href=\"https:\/\/apalmw.com\/en\/inflation_et_problemes_logistiques\/\" class=\"btn btn-outline btn-primary btn-hover-accent\">\n                                        <span class=\"cms-btn-content\">\n                                            <span class=\"cms-btn-icon text-20 cmsi-arrow-circle-right\"><\/span>\n                                            <span class=\"cms-btn-text\">Lire plus<\/span>\n                                        <\/span>\n                                    <\/a>\n                                <\/div>\n                                                    <\/div>\n                    <\/div>\n                            <\/div>\n                    <div class=\"cms-slick-slide\" style=\"padding: 20px; margin-bottom: 0px\">\n                                    <div class=\"cms-item-content cms-radius-8 cms-shadow-hover-4 cms-transition clearfix\">    <div class=\"cms-featured cms-post-standard  cms-radius-8\"><div class=\"cms-featured-inner relative\">            <div class=\"post-image cms-post-image\">\r\n                <a href=\"https:\/\/apalmw.com\/en\/lancement-du-portail\/\"><img loading=\"lazy\" decoding=\"async\" width=\"300\" height=\"300\" src=\"https:\/\/apalmw.com\/wp-content\/uploads\/2023\/06\/IMG_3494-300x300.jpg\" class=\"w-100 cms-radius-10 cms-img\" alt=\"L&#039;image montre une grande \u00e9olienne situ\u00e9e au milieu d&#039;un champ vert sous un ciel bleu clair avec quelques nuages \u00e9pars. Le champ semble \u00eatre agricole, avec des traces visibles traversant les cultures. L&#039;horizon est plat, et il n&#039;y a pas d&#039;autres structures ou objets significatifs \u00e0 proximit\u00e9 imm\u00e9diate de l&#039;\u00e9olienne.\" srcset=\"https:\/\/apalmw.com\/wp-content\/uploads\/2023\/06\/IMG_3494-300x300.jpg 300w, https:\/\/apalmw.com\/wp-content\/uploads\/2023\/06\/IMG_3494-570x570.jpg 570w, https:\/\/apalmw.com\/wp-content\/uploads\/2023\/06\/IMG_3494-100x100.jpg 100w\" sizes=\"(max-width: 300px) 100vw, 300px\" \/><\/a>\r\n            <\/div>\r\n            <span class=\"cms-post-feature-cat\"><a href=\"https:\/\/apalmw.com\/en\/category\/battery\/\" rel=\"tag\">Battery<\/a>, <a href=\"https:\/\/apalmw.com\/en\/category\/energie\/\" rel=\"tag\">\u00c9nergie<\/a>, <a href=\"https:\/\/apalmw.com\/en\/category\/eolien\/\" rel=\"tag\">\u00c9olien<\/a>, <a href=\"https:\/\/apalmw.com\/en\/category\/solaire\/\" rel=\"tag\">Solaire<\/a>, <a href=\"https:\/\/apalmw.com\/en\/category\/systemes\/\" rel=\"tag\">Syst\u00e8mes<\/a><\/span><\/div><\/div>\r\n                            <div class=\"cms-item-content-inner p-lr-15 p-lr-md-40 pt-40 pb-40 mt-n8\">\n                                        <div class=\"cms-post-meta pb-5 separator-divider\">\n                <div class=\"cms-post-meta-inner row gutters-25\">\n                            <span class=\"cms-post-date col-auto\">\n                        <span>05\/06\/2023<\/span>\n        <\/span>\n                <span class=\"cms-post-author col-auto\">\n                        <a href=\"https:\/\/apalmw.com\/en\/\" title=\"apal_mw\">apal_mw<\/a>\n        <\/span>\n                    <\/div>\n            <\/div>\n                                    <div class=\"cms-item-content-title cms-heading text-20 lh-28 mb-25\">\n                                <a href=\"https:\/\/apalmw.com\/en\/lancement-du-portail\/\">Lancement du portail cartographique des \u00e9nergies renouvelables<\/a>\n                            <\/div>\n                            <div class=\"cms-item-content-excerpt mb-30\">Batteries are the most expensive part of a solar system. Between an appropriately-size battery bank and a battery-based<\/div>\n                                                            <div class=\"cms-btn-wraps cms-post-item-readmore\">\n                                    <a href=\"https:\/\/apalmw.com\/en\/lancement-du-portail\/\" class=\"btn btn-outline btn-primary btn-hover-accent\">\n                                        <span class=\"cms-btn-content\">\n                                            <span class=\"cms-btn-icon text-20 cmsi-arrow-circle-right\"><\/span>\n                                            <span class=\"cms-btn-text\">Lire plus<\/span>\n                                        <\/span>\n                                    <\/a>\n                                <\/div>\n                                                    <\/div>\n                    <\/div>\n                            <\/div>\n                <\/div>\n    <\/div>\n                <div class=\"cms-slick-dots empty-none\"><\/div>\r\n                    <div class=\"cms-slick--arrows\"><div class=\"cms-slick-arrows\"><\/div><\/div>\r\n        <\/div>\t\t\t\t<\/div>\n\t\t\t\t<\/div>\n\t\t            <\/div>\r\n        <\/div>\r\n        \t\t\t<\/div>\r\n\t\t<\/section>\r\n\t\t\t\t<\/div>","protected":false},"excerpt":{"rendered":"<p>Actualit\u00e9s EnR Agrivolta\u00efsme, APAL MW, Battery, \u00c9nergie, \u00c9olien, Ev\u00e8nement, Solaire 25\/02\/2026 apal_mw La France d\u00e9voile sa nouvelle feuille de route \u00e9nerg\u00e9tique : la PPE 3 est lanc\u00e9e ! \ud83c\uddeb\ud83c\uddf7\u26a1 Actualit\u00e9s EnR Agrivolta\u00efsme, APAL MW, Battery, \u00c9nergie, \u00c9olien, Ev\u00e8nement, Solaire 25\/02\/2026 apal_mw La France d\u00e9voile sa nouvelle feuille de route \u00e9nerg\u00e9tique : la PPE 3&#8230; Lire [&hellip;]<\/p>\n","protected":false},"author":1,"featured_media":7409,"parent":0,"menu_order":0,"comment_status":"closed","ping_status":"closed","template":"","meta":{"_coblocks_attr":"","_coblocks_dimensions":"","_coblocks_responsive_height":"","_coblocks_accordion_ie_support":"","footnotes":""},"class_list":["post-7392","page","type-page","status-publish","has-post-thumbnail","hentry","cms-has-post-thumbnail"],"yoast_head":"<!-- This site is optimized with the Yoast SEO plugin v27.5 - https:\/\/yoast.com\/product\/yoast-seo-wordpress\/ -->\n<title>Actualit\u00e9s ENR - APAL MW<\/title>\n<meta name=\"description\" content=\"Les nouvelles concernant les \u00e9nergies renouvelables, avec des chiffres cl\u00e9s, des synth\u00e8ses et des informations diverses sur l&#039;agrivolta\u00efsme.\" \/>\n<meta name=\"robots\" content=\"index, follow, max-snippet:-1, max-image-preview:large, max-video-preview:-1\" \/>\n<link rel=\"canonical\" href=\"https:\/\/apalmw.com\/en\/actualite-enr\/\" \/>\n<meta property=\"og:locale\" content=\"en_US\" \/>\n<meta property=\"og:type\" content=\"article\" \/>\n<meta property=\"og:title\" content=\"Actualit\u00e9s ENR - APAL MW\" \/>\n<meta property=\"og:description\" content=\"Les nouvelles concernant les \u00e9nergies renouvelables, avec des chiffres cl\u00e9s, des synth\u00e8ses et des informations diverses sur l&#039;agrivolta\u00efsme.\" \/>\n<meta property=\"og:url\" content=\"https:\/\/apalmw.com\/en\/actualite-enr\/\" \/>\n<meta property=\"og:site_name\" content=\"APAL MW\" \/>\n<meta property=\"article:modified_time\" content=\"2026-02-25T15:09:19+00:00\" \/>\n<meta property=\"og:image\" content=\"https:\/\/apalmw.com\/wp-content\/uploads\/2024\/07\/APAL_MW_agrivoltaisme-jpg.avif\" \/>\n\t<meta property=\"og:image:width\" content=\"1200\" \/>\n\t<meta property=\"og:image:height\" content=\"541\" \/>\n\t<meta property=\"og:image:type\" content=\"image\/jpeg\" \/>\n<meta name=\"twitter:card\" content=\"summary_large_image\" \/>\n<meta name=\"twitter:label1\" content=\"Est. reading time\" \/>\n\t<meta name=\"twitter:data1\" content=\"11 minutes\" \/>\n<script type=\"application\/ld+json\" class=\"yoast-schema-graph\">{\"@context\":\"https:\\\/\\\/schema.org\",\"@graph\":[{\"@type\":\"WebPage\",\"@id\":\"https:\\\/\\\/apalmw.com\\\/actualite-enr\\\/\",\"url\":\"https:\\\/\\\/apalmw.com\\\/actualite-enr\\\/\",\"name\":\"Actualit\u00e9s ENR - APAL MW\",\"isPartOf\":{\"@id\":\"https:\\\/\\\/apalmw.com\\\/#website\"},\"primaryImageOfPage\":{\"@id\":\"https:\\\/\\\/apalmw.com\\\/actualite-enr\\\/#primaryimage\"},\"image\":{\"@id\":\"https:\\\/\\\/apalmw.com\\\/actualite-enr\\\/#primaryimage\"},\"thumbnailUrl\":\"https:\\\/\\\/apalmw.com\\\/wp-content\\\/uploads\\\/2024\\\/07\\\/APAL_MW_agrivoltaisme-jpg.avif\",\"datePublished\":\"2024-07-11T13:45:33+00:00\",\"dateModified\":\"2026-02-25T15:09:19+00:00\",\"description\":\"Les nouvelles concernant les \u00e9nergies renouvelables, avec des chiffres cl\u00e9s, des synth\u00e8ses et des informations diverses sur l'agrivolta\u00efsme.\",\"breadcrumb\":{\"@id\":\"https:\\\/\\\/apalmw.com\\\/actualite-enr\\\/#breadcrumb\"},\"inLanguage\":\"en-US\",\"potentialAction\":[{\"@type\":\"ReadAction\",\"target\":[\"https:\\\/\\\/apalmw.com\\\/actualite-enr\\\/\"]}]},{\"@type\":\"ImageObject\",\"inLanguage\":\"en-US\",\"@id\":\"https:\\\/\\\/apalmw.com\\\/actualite-enr\\\/#primaryimage\",\"url\":\"https:\\\/\\\/apalmw.com\\\/wp-content\\\/uploads\\\/2024\\\/07\\\/APAL_MW_agrivoltaisme-jpg.avif\",\"contentUrl\":\"https:\\\/\\\/apalmw.com\\\/wp-content\\\/uploads\\\/2024\\\/07\\\/APAL_MW_agrivoltaisme-jpg.avif\",\"width\":1200,\"height\":541,\"caption\":\"Un champ de ma\u00efs s'\u00e9tend \u00e0 perte de vue, parsem\u00e9 de panneaux photovolta\u00efques captant les derniers rayons du soleil couchant. Le ciel se teinte de nuances orang\u00e9es et ros\u00e9es, cr\u00e9ant une atmosph\u00e8re paisible et harmonieuse entre nature et technologie. Prospection\"},{\"@type\":\"BreadcrumbList\",\"@id\":\"https:\\\/\\\/apalmw.com\\\/actualite-enr\\\/#breadcrumb\",\"itemListElement\":[{\"@type\":\"ListItem\",\"position\":1,\"name\":\"Accueil\",\"item\":\"https:\\\/\\\/apalmw.com\\\/\"},{\"@type\":\"ListItem\",\"position\":2,\"name\":\"Actualit\u00e9s ENR\"}]},{\"@type\":\"WebSite\",\"@id\":\"https:\\\/\\\/apalmw.com\\\/#website\",\"url\":\"https:\\\/\\\/apalmw.com\\\/\",\"name\":\"APAL MW\",\"description\":\"Ensemble vers l&#039;\u00e9nergie de demain\",\"publisher\":{\"@id\":\"https:\\\/\\\/apalmw.com\\\/#organization\"},\"alternateName\":\"APAL\",\"potentialAction\":[{\"@type\":\"SearchAction\",\"target\":{\"@type\":\"EntryPoint\",\"urlTemplate\":\"https:\\\/\\\/apalmw.com\\\/?s={search_term_string}\"},\"query-input\":{\"@type\":\"PropertyValueSpecification\",\"valueRequired\":true,\"valueName\":\"search_term_string\"}}],\"inLanguage\":\"en-US\"},{\"@type\":\"Organization\",\"@id\":\"https:\\\/\\\/apalmw.com\\\/#organization\",\"name\":\"APAL MW\",\"alternateName\":\"APALMW\",\"url\":\"https:\\\/\\\/apalmw.com\\\/\",\"logo\":{\"@type\":\"ImageObject\",\"inLanguage\":\"en-US\",\"@id\":\"https:\\\/\\\/apalmw.com\\\/#\\\/schema\\\/logo\\\/image\\\/\",\"url\":\"\",\"contentUrl\":\"\",\"caption\":\"APAL MW\"},\"image\":{\"@id\":\"https:\\\/\\\/apalmw.com\\\/#\\\/schema\\\/logo\\\/image\\\/\"},\"sameAs\":[\"https:\\\/\\\/fr.linkedin.com\\\/company\\\/apal-mw\",\"https:\\\/\\\/www.youtube.com\\\/@APALMW\"]}]}<\/script>\n<!-- \/ Yoast SEO plugin. -->","yoast_head_json":{"title":"Actualit\u00e9s ENR - APAL MW","description":"Les nouvelles concernant les \u00e9nergies renouvelables, avec des chiffres cl\u00e9s, des synth\u00e8ses et des informations diverses sur l'agrivolta\u00efsme.","robots":{"index":"index","follow":"follow","max-snippet":"max-snippet:-1","max-image-preview":"max-image-preview:large","max-video-preview":"max-video-preview:-1"},"canonical":"https:\/\/apalmw.com\/en\/actualite-enr\/","og_locale":"en_US","og_type":"article","og_title":"Actualit\u00e9s ENR - APAL MW","og_description":"Les nouvelles concernant les \u00e9nergies renouvelables, avec des chiffres cl\u00e9s, des synth\u00e8ses et des informations diverses sur l'agrivolta\u00efsme.","og_url":"https:\/\/apalmw.com\/en\/actualite-enr\/","og_site_name":"APAL MW","article_modified_time":"2026-02-25T15:09:19+00:00","og_image":[{"width":1200,"height":541,"url":"https:\/\/apalmw.com\/wp-content\/uploads\/2024\/07\/APAL_MW_agrivoltaisme-jpg.avif","type":"image\/jpeg"}],"twitter_card":"summary_large_image","twitter_misc":{"Est. reading time":"11 minutes"},"schema":{"@context":"https:\/\/schema.org","@graph":[{"@type":"WebPage","@id":"https:\/\/apalmw.com\/actualite-enr\/","url":"https:\/\/apalmw.com\/actualite-enr\/","name":"Actualit\u00e9s ENR - APAL MW","isPartOf":{"@id":"https:\/\/apalmw.com\/#website"},"primaryImageOfPage":{"@id":"https:\/\/apalmw.com\/actualite-enr\/#primaryimage"},"image":{"@id":"https:\/\/apalmw.com\/actualite-enr\/#primaryimage"},"thumbnailUrl":"https:\/\/apalmw.com\/wp-content\/uploads\/2024\/07\/APAL_MW_agrivoltaisme-jpg.avif","datePublished":"2024-07-11T13:45:33+00:00","dateModified":"2026-02-25T15:09:19+00:00","description":"Les nouvelles concernant les \u00e9nergies renouvelables, avec des chiffres cl\u00e9s, des synth\u00e8ses et des informations diverses sur l'agrivolta\u00efsme.","breadcrumb":{"@id":"https:\/\/apalmw.com\/actualite-enr\/#breadcrumb"},"inLanguage":"en-US","potentialAction":[{"@type":"ReadAction","target":["https:\/\/apalmw.com\/actualite-enr\/"]}]},{"@type":"ImageObject","inLanguage":"en-US","@id":"https:\/\/apalmw.com\/actualite-enr\/#primaryimage","url":"https:\/\/apalmw.com\/wp-content\/uploads\/2024\/07\/APAL_MW_agrivoltaisme-jpg.avif","contentUrl":"https:\/\/apalmw.com\/wp-content\/uploads\/2024\/07\/APAL_MW_agrivoltaisme-jpg.avif","width":1200,"height":541,"caption":"Un champ de ma\u00efs s'\u00e9tend \u00e0 perte de vue, parsem\u00e9 de panneaux photovolta\u00efques captant les derniers rayons du soleil couchant. Le ciel se teinte de nuances orang\u00e9es et ros\u00e9es, cr\u00e9ant une atmosph\u00e8re paisible et harmonieuse entre nature et technologie. Prospection"},{"@type":"BreadcrumbList","@id":"https:\/\/apalmw.com\/actualite-enr\/#breadcrumb","itemListElement":[{"@type":"ListItem","position":1,"name":"Accueil","item":"https:\/\/apalmw.com\/"},{"@type":"ListItem","position":2,"name":"Actualit\u00e9s ENR"}]},{"@type":"WebSite","@id":"https:\/\/apalmw.com\/#website","url":"https:\/\/apalmw.com\/","name":"APAL MW","description":"Ensemble vers l&#039;\u00e9nergie de demain","publisher":{"@id":"https:\/\/apalmw.com\/#organization"},"alternateName":"APAL","potentialAction":[{"@type":"SearchAction","target":{"@type":"EntryPoint","urlTemplate":"https:\/\/apalmw.com\/?s={search_term_string}"},"query-input":{"@type":"PropertyValueSpecification","valueRequired":true,"valueName":"search_term_string"}}],"inLanguage":"en-US"},{"@type":"Organization","@id":"https:\/\/apalmw.com\/#organization","name":"APAL MW","alternateName":"APALMW","url":"https:\/\/apalmw.com\/","logo":{"@type":"ImageObject","inLanguage":"en-US","@id":"https:\/\/apalmw.com\/#\/schema\/logo\/image\/","url":"","contentUrl":"","caption":"APAL MW"},"image":{"@id":"https:\/\/apalmw.com\/#\/schema\/logo\/image\/"},"sameAs":["https:\/\/fr.linkedin.com\/company\/apal-mw","https:\/\/www.youtube.com\/@APALMW"]}]}},"_links":{"self":[{"href":"https:\/\/apalmw.com\/en\/wp-json\/wp\/v2\/pages\/7392","targetHints":{"allow":["GET"]}}],"collection":[{"href":"https:\/\/apalmw.com\/en\/wp-json\/wp\/v2\/pages"}],"about":[{"href":"https:\/\/apalmw.com\/en\/wp-json\/wp\/v2\/types\/page"}],"author":[{"embeddable":true,"href":"https:\/\/apalmw.com\/en\/wp-json\/wp\/v2\/users\/1"}],"replies":[{"embeddable":true,"href":"https:\/\/apalmw.com\/en\/wp-json\/wp\/v2\/comments?post=7392"}],"version-history":[{"count":5,"href":"https:\/\/apalmw.com\/en\/wp-json\/wp\/v2\/pages\/7392\/revisions"}],"predecessor-version":[{"id":8948,"href":"https:\/\/apalmw.com\/en\/wp-json\/wp\/v2\/pages\/7392\/revisions\/8948"}],"wp:featuredmedia":[{"embeddable":true,"href":"https:\/\/apalmw.com\/en\/wp-json\/wp\/v2\/media\/7409"}],"wp:attachment":[{"href":"https:\/\/apalmw.com\/en\/wp-json\/wp\/v2\/media?parent=7392"}],"curies":[{"name":"wp","href":"https:\/\/api.w.org\/{rel}","templated":true}]}}