{"id":5531,"date":"2023-07-01T15:40:57","date_gmt":"2023-07-01T15:40:57","guid":{"rendered":"https:\/\/apalmw.com\/?page_id=5531"},"modified":"2026-02-24T23:39:48","modified_gmt":"2026-02-24T22:39:48","slug":"apal-mw-actualites","status":"publish","type":"page","link":"https:\/\/apalmw.com\/en\/apal-mw-actualites\/","title":{"rendered":"APAL MW actualit\u00e9s"},"content":{"rendered":"<div data-elementor-type=\"wp-page\" data-elementor-id=\"5531\" class=\"elementor elementor-5531\" data-elementor-post-type=\"page\">\n\t\t\t\t        <section class=\"elementor-section elementor-top-section elementor-element elementor-element-6205cb9b elementor-section-content-top elementor-section-boxed elementor-section-height-default elementor-section-height-default cms-boxed-bg-false\" data-id=\"6205cb9b\" data-element_type=\"section\" data-e-type=\"section\">\r\n\t\t\r\n\t\t<div class=\"cms-section-boxed-bg\"><\/div>        <div class=\"elementor-container elementor-column-gap-default\" >\r\n\t\t        <div class=\"elementor-column elementor-col-100 elementor-top-column elementor-element elementor-element-3c691982\" data-id=\"3c691982\" data-element_type=\"column\" data-e-type=\"column\">\r\n            <div class=\"elementor-widget-wrap elementor-element-populated\">\r\n                \t\t<div class=\"elementor-element elementor-element-60f18df5 elementor--h-position-center elementor--v-position-middle elementor-arrows-position-inside elementor-pagination-position-inside elementor-widget elementor-widget-slides\" data-id=\"60f18df5\" data-element_type=\"widget\" data-e-type=\"widget\" data-settings=\"{&quot;navigation&quot;:&quot;both&quot;,&quot;autoplay&quot;:&quot;yes&quot;,&quot;pause_on_hover&quot;:&quot;yes&quot;,&quot;pause_on_interaction&quot;:&quot;yes&quot;,&quot;autoplay_speed&quot;:5000,&quot;infinite&quot;:&quot;yes&quot;,&quot;transition&quot;:&quot;slide&quot;,&quot;transition_speed&quot;:500}\" data-widget_type=\"slides.default\">\n\t\t\t\t<div class=\"elementor-widget-container\">\n\t\t\t\t\t\t\t\t\t<div class=\"elementor-swiper\">\n\t\t\t\t\t<div class=\"elementor-slides-wrapper elementor-main-swiper swiper\" role=\"region\" aria-roledescription=\"carousel\" aria-label=\"Diapositives\" dir=\"ltr\" data-animation=\"fadeInUp\">\n\t\t\t\t<div class=\"swiper-wrapper elementor-slides\">\n\t\t\t\t\t\t\t\t\t\t<div class=\"elementor-repeater-item-92fd39d swiper-slide\" role=\"group\" aria-roledescription=\"slide\"><div class=\"swiper-slide-bg\" role=\"img\" aria-label=\"Un champ de ma\u00efs s&#039;\u00e9tend \u00e0 perte de vue, parsem\u00e9 de panneaux photovolta\u00efques captant les derniers rayons du soleil couchant. Le ciel se teinte de nuances orang\u00e9es et ros\u00e9es, cr\u00e9ant une atmosph\u00e8re paisible et harmonieuse entre nature et technologie. Prospection\"><\/div><div class=\"swiper-slide-inner\" ><div class=\"swiper-slide-contents\"><div class=\"elementor-slide-heading\">APAL MW Actualit\u00e9s <\/div><\/div><\/div><\/div>\t\t\t\t<\/div>\n\t\t\t\t\t\t\t<\/div>\n\t\t\t\t<\/div>\n\t\t\t\t\t\t\t\t<\/div>\n\t\t\t\t<\/div>\n\t\t            <\/div>\r\n        <\/div>\r\n        \t\t\t<\/div>\r\n\t\t<\/section>\r\n\t\t        <section class=\"elementor-section elementor-top-section elementor-element elementor-element-feeed76 elementor-section-boxed elementor-section-height-default elementor-section-height-default cms-boxed-bg-false\" data-id=\"feeed76\" data-element_type=\"section\" data-e-type=\"section\">\r\n\t\t\r\n\t\t<div class=\"cms-section-boxed-bg\"><\/div>        <div class=\"elementor-container elementor-column-gap-default\" >\r\n\t\t        <div class=\"elementor-column elementor-col-100 elementor-top-column elementor-element elementor-element-2d79f2e\" data-id=\"2d79f2e\" data-element_type=\"column\" data-e-type=\"column\">\r\n            <div class=\"elementor-widget-wrap elementor-element-populated\">\r\n                \t\t<div class=\"elementor-element elementor-element-4e3eea6 elementor-widget elementor-widget-shortcode\" data-id=\"4e3eea6\" data-element_type=\"widget\" data-e-type=\"widget\" data-widget_type=\"shortcode.default\">\n\t\t\t\t<div class=\"elementor-widget-container\">\n\t\t\t\t\t\t\t<div class=\"elementor-shortcode\"><!-- Elfsight LinkedIn Feed | Untitled LinkedIn Feed -->\n<script src=\"https:\/\/elfsightcdn.com\/platform.js\" async><\/script>\n<div class=\"elfsight-app-3c580f32-5ceb-4b1b-90f6-a7f0a9b5f271\" data-elfsight-app-lazy><\/div><\/div>\n\t\t\t\t\t\t<\/div>\n\t\t\t\t<\/div>\n\t\t            <\/div>\r\n        <\/div>\r\n        \t\t\t<\/div>\r\n\t\t<\/section>\r\n\t\t        <section class=\"elementor-section elementor-top-section elementor-element elementor-element-c00dd27 elementor-section-boxed elementor-section-height-default elementor-section-height-default cms-boxed-bg-false\" data-id=\"c00dd27\" data-element_type=\"section\" data-e-type=\"section\">\r\n\t\t\r\n\t\t<div class=\"cms-section-boxed-bg\"><\/div>        <div class=\"elementor-container elementor-column-gap-default\" >\r\n\t\t        <div class=\"elementor-column elementor-col-100 elementor-top-column elementor-element elementor-element-759d551\" data-id=\"759d551\" data-element_type=\"column\" data-e-type=\"column\">\r\n            <div class=\"elementor-widget-wrap elementor-element-populated\">\r\n                \t\t<div class=\"elementor-element elementor-element-96fc235 elementor-widget elementor-widget-video\" data-id=\"96fc235\" data-element_type=\"widget\" data-e-type=\"widget\" data-settings=\"{&quot;youtube_url&quot;:&quot;https:\\\/\\\/youtu.be\\\/XdGvWCO0p8o&quot;,&quot;video_type&quot;:&quot;youtube&quot;,&quot;controls&quot;:&quot;yes&quot;}\" data-widget_type=\"video.default\">\n\t\t\t\t<div class=\"elementor-widget-container\">\n\t\t\t\t\t\t\t<div class=\"elementor-wrapper elementor-open-inline\">\n\t\t\t<div class=\"elementor-video\"><\/div>\t\t<\/div>\n\t\t\t\t\t\t<\/div>\n\t\t\t\t<\/div>\n\t\t            <\/div>\r\n        <\/div>\r\n        \t\t\t<\/div>\r\n\t\t<\/section>\r\n\t\t        <section class=\"elementor-section elementor-top-section elementor-element elementor-element-ee3d45a elementor-section-boxed elementor-section-height-default elementor-section-height-default cms-boxed-bg-false\" data-id=\"ee3d45a\" data-element_type=\"section\" data-e-type=\"section\">\r\n\t\t\r\n\t\t<div class=\"cms-section-boxed-bg\"><\/div>        <div class=\"elementor-container elementor-column-gap-default\" >\r\n\t\t        <div class=\"elementor-column elementor-col-100 elementor-top-column elementor-element elementor-element-d8cf09a\" data-id=\"d8cf09a\" data-element_type=\"column\" data-e-type=\"column\">\r\n            <div class=\"elementor-widget-wrap elementor-element-populated\">\r\n                \t\t<div class=\"elementor-element elementor-element-ba2cd6e elementor-widget elementor-widget-image\" data-id=\"ba2cd6e\" data-element_type=\"widget\" data-e-type=\"widget\" data-widget_type=\"image.default\">\n\t\t\t\t<div class=\"elementor-widget-container\">\n\t\t\t\t\t\t\t\t\t\t\t\t\t\t\t<img fetchpriority=\"high\" decoding=\"async\" width=\"550\" height=\"120\" src=\"https:\/\/apalmw.com\/wp-content\/uploads\/2025\/08\/Sitetracker-Petit-Personnalise.avif\" class=\"attachment-large size-large wp-image-8805 not-transparent\" alt=\"\" srcset=\"https:\/\/apalmw.com\/wp-content\/uploads\/2025\/08\/Sitetracker-Petit-Personnalise.avif 550w, https:\/\/apalmw.com\/wp-content\/uploads\/2025\/08\/Sitetracker-Petit-Personnalise-18x4.avif 18w\" sizes=\"(max-width: 550px) 100vw, 550px\" data-has-transparency=\"false\" data-dominant-color=\"d9807e\" style=\"--dominant-color: #d9807e\" \/>\t\t\t\t\t\t\t\t\t\t\t\t\t\t\t<\/div>\n\t\t\t\t<\/div>\n\t\t\t\t<div class=\"elementor-element elementor-element-c99dbb5 cms-heading-layout-1 elementor-widget elementor-widget-cms_heading\" data-id=\"c99dbb5\" data-element_type=\"widget\" data-e-type=\"widget\" data-widget_type=\"cms_heading.default\">\n\t\t\t\t<div class=\"elementor-widget-container\">\n\t\t\t\t\t<div class=\"cms-heading-wrapper\">\r\n        <div class=\"cms-heading cms-mainheading text-24 mt-n8 text-\">APAL MW s'associe a SiteTracker pour la gestion de ses projets EnR<\/div>\r\n    <div class=\"cms-heading-extra-space\"><\/div>\r\n    <div class=\"cms-heading-desc empty-none pt-10 text-16 lh-27 text-\"><\/div>\r\n<\/div>\t\t\t\t<\/div>\n\t\t\t\t<\/div>\n\t\t\t\t<div class=\"elementor-element elementor-element-f6ef510 elementor-widget elementor-widget-text-editor\" data-id=\"f6ef510\" data-element_type=\"widget\" data-e-type=\"widget\" data-widget_type=\"text-editor.default\">\n\t\t\t\t<div class=\"elementor-widget-container\">\n\t\t\t\t\t\t\t\t\t<h6>15 juillet 2025<\/h6><p>MONTCLAIR, New Jersey, 15 juillet 2025 \u2014 Sitetracker, leader mondial des logiciels complets de gestion du cycle de vie des actifs, a annonc\u00e9 aujourd&#8217;hui un partenariat strat\u00e9gique avec APAL MW, un producteur d&#8217;\u00e9lectricit\u00e9 ind\u00e9pendant sp\u00e9cialis\u00e9 dans le solaire photovolta\u00efque, le d\u00e9veloppement de l&#8217;\u00e9nergie \u00e9olienne et les syst\u00e8mes de stockage d&#8217;\u00e9nergie par batterie en France. Cette collaboration permettra \u00e0 APAL MW d&#8217;am\u00e9liorer consid\u00e9rablement son efficacit\u00e9 op\u00e9rationnelle, de renforcer la collaboration au sein de ses \u00e9quipes et d&#8217;obtenir une visibilit\u00e9 en temps r\u00e9el sur son portefeuille croissant de projets d&#8217;\u00e9nergie renouvelable.<\/p><p><strong><a href=\"https:\/\/www.sitetracker.com\/apal-mw-partners-with-sitetracker-to-accelerate-renewable-energy-projects-across-france\/\" target=\"_blank\" rel=\"noopener\">Lire la suite (en anglais)<\/a><\/strong><\/p>\t\t\t\t\t\t\t\t<\/div>\n\t\t\t\t<\/div>\n\t\t            <\/div>\r\n        <\/div>\r\n        \t\t\t<\/div>\r\n\t\t<\/section>\r\n\t\t        <section class=\"elementor-section elementor-top-section elementor-element elementor-element-728f01f elementor-section-boxed elementor-section-height-default elementor-section-height-default cms-boxed-bg-false\" data-id=\"728f01f\" data-element_type=\"section\" data-e-type=\"section\">\r\n\t\t\r\n\t\t<div class=\"cms-section-boxed-bg\"><\/div>        <div class=\"elementor-container elementor-column-gap-default\" >\r\n\t\t        <div class=\"elementor-column elementor-col-50 elementor-top-column elementor-element elementor-element-e795027\" data-id=\"e795027\" data-element_type=\"column\" data-e-type=\"column\">\r\n            <div class=\"elementor-widget-wrap elementor-element-populated\">\r\n                        <section class=\"elementor-section elementor-inner-section elementor-element elementor-element-349f1aa elementor-section-boxed elementor-section-height-default elementor-section-height-default cms-boxed-bg-false\" data-id=\"349f1aa\" data-element_type=\"section\" data-e-type=\"section\">\r\n\t\t\r\n\t\t<div class=\"cms-section-boxed-bg\"><\/div>        <div class=\"elementor-container elementor-column-gap-default\" >\r\n\t\t        <div class=\"elementor-column elementor-col-100 elementor-inner-column elementor-element elementor-element-4e9d369\" data-id=\"4e9d369\" data-element_type=\"column\" data-e-type=\"column\">\r\n            <div class=\"elementor-widget-wrap elementor-element-populated\">\r\n                \t\t<div class=\"elementor-element elementor-element-83d93f6 elementor-widget elementor-widget-image\" data-id=\"83d93f6\" data-element_type=\"widget\" data-e-type=\"widget\" data-widget_type=\"image.default\">\n\t\t\t\t<div class=\"elementor-widget-container\">\n\t\t\t\t\t\t\t\t\t\t\t\t\t\t\t<img decoding=\"async\" width=\"356\" height=\"55\" src=\"https:\/\/apalmw.com\/wp-content\/uploads\/2023\/07\/plein_soleil-logo.png\" class=\"attachment-large size-large wp-image-6327 has-transparency\" alt=\"Logo de Plein Soleil, une revue sp\u00e9cialis\u00e9e dans les \u00e9nergies renouvelables et les technologies solaires.\" data-has-transparency=\"true\" data-dominant-color=\"a14c9b\" style=\"--dominant-color: #a14c9b\" \/>\t\t\t\t\t\t\t\t\t\t\t\t\t\t\t<\/div>\n\t\t\t\t<\/div>\n\t\t\t\t<div class=\"elementor-element elementor-element-217bbcd cms-heading-layout-1 elementor-widget elementor-widget-cms_heading\" data-id=\"217bbcd\" data-element_type=\"widget\" data-e-type=\"widget\" data-widget_type=\"cms_heading.default\">\n\t\t\t\t<div class=\"elementor-widget-container\">\n\t\t\t\t\t<div class=\"cms-heading-wrapper\">\r\n        <div class=\"cms-heading cms-mainheading text-24 mt-n8 text-\">ADE ET 3N D\u00e9veloppement fusionnent pour devenir APAL MW<\/div>\r\n    <div class=\"cms-heading-extra-space\"><\/div>\r\n    <div class=\"cms-heading-desc empty-none pt-10 text-16 lh-27 text-\"><\/div>\r\n<\/div>\t\t\t\t<\/div>\n\t\t\t\t<\/div>\n\t\t\t\t<div class=\"elementor-element elementor-element-1095fbc elementor-widget elementor-widget-text-editor\" data-id=\"1095fbc\" data-element_type=\"widget\" data-e-type=\"widget\" data-widget_type=\"text-editor.default\">\n\t\t\t\t<div class=\"elementor-widget-container\">\n\t\t\t\t\t\t\t\t\t<h6>18 juillet 2023<\/h6><p><i>L\u2019agence de D\u00e9veloppement des ENR (ADE) et 3N D\u00e9veloppement, cr\u00e9\u00e9es et pr\u00e9sid\u00e9es respectivement par Antoine Pedersoli et Antoine Leclerc, fusionnent en 2023 pour devenir d\u00e9veloppeur et producteur ind\u00e9pendant d\u2019\u00e9nergies renouvelables, en cr\u00e9ant la soci\u00e9t\u00e9 APAL MW (\u00ab APAL M\u00e9gawatt \u00bb ou \u00ab APAL \u00bb).<\/i><\/p><p>Leurs missions et leurs visions similaires d\u2019ADE et 3N D\u00e9veloppement dans leur fa\u00e7on de tisser des liens de proximit\u00e9 fort avec les acteurs locaux les am\u00e8nent \u00e0 s\u2019associer. Avec une exp\u00e9rience de plus de 10 ans acquise dans le milieu des \u00e9nergies renouvelables, la nouvelle soci\u00e9t\u00e9 APAL, fruit du rapprochement des deux entit\u00e9s, a pour ambition de d\u00e9velopper, construire et exploiter des parcs \u00e9oliens et photovolta\u00efques. La nouvelle soci\u00e9t\u00e9 a obtenu le soutien d\u2019un des fonds de l\u2019investisseur international en infrastructures SUSI Partners.<\/p><p><strong><a href=\"http:\/\/www.plein-soleil.info\/actualites\/ade-et-3n-developpement-fusionnent-pour-devenir-apal-mw\/\" target=\"_blank\" rel=\"noopener\">Lire la suite<\/a><\/strong><\/p>\t\t\t\t\t\t\t\t<\/div>\n\t\t\t\t<\/div>\n\t\t            <\/div>\r\n        <\/div>\r\n        \t\t\t<\/div>\r\n\t\t<\/section>\r\n\t\t            <\/div>\r\n        <\/div>\r\n                <div class=\"elementor-column elementor-col-50 elementor-top-column elementor-element elementor-element-795cace\" data-id=\"795cace\" data-element_type=\"column\" data-e-type=\"column\">\r\n            <div class=\"elementor-widget-wrap elementor-element-populated\">\r\n                        <section class=\"elementor-section elementor-inner-section elementor-element elementor-element-ad68adc elementor-section-boxed elementor-section-height-default elementor-section-height-default cms-boxed-bg-false\" data-id=\"ad68adc\" data-element_type=\"section\" data-e-type=\"section\">\r\n\t\t\r\n\t\t<div class=\"cms-section-boxed-bg\"><\/div>        <div class=\"elementor-container elementor-column-gap-default\" >\r\n\t\t        <div class=\"elementor-column elementor-col-100 elementor-inner-column elementor-element elementor-element-c23ac37\" data-id=\"c23ac37\" data-element_type=\"column\" data-e-type=\"column\">\r\n            <div class=\"elementor-widget-wrap elementor-element-populated\">\r\n                \t\t<div class=\"elementor-element elementor-element-33b0a44 elementor-widget elementor-widget-image\" data-id=\"33b0a44\" data-element_type=\"widget\" data-e-type=\"widget\" data-widget_type=\"image.default\">\n\t\t\t\t<div class=\"elementor-widget-container\">\n\t\t\t\t\t\t\t\t\t\t\t\t\t\t\t<img decoding=\"async\" width=\"500\" height=\"80\" src=\"https:\/\/apalmw.com\/wp-content\/uploads\/2023\/07\/logo_em.png\" class=\"attachment-full size-full wp-image-6326 has-transparency\" alt=\"Logo d&#039;Environnement Magazine, une publication d\u00e9di\u00e9e aux actualit\u00e9s et aux analyses sur les enjeux environnementaux et les technologies durables.\" data-has-transparency=\"true\" data-dominant-color=\"94a988\" style=\"--dominant-color: #94a988\" \/>\t\t\t\t\t\t\t\t\t\t\t\t\t\t\t<\/div>\n\t\t\t\t<\/div>\n\t\t\t\t<div class=\"elementor-element elementor-element-372d311 cms-heading-layout-1 elementor-widget elementor-widget-cms_heading\" data-id=\"372d311\" data-element_type=\"widget\" data-e-type=\"widget\" data-widget_type=\"cms_heading.default\">\n\t\t\t\t<div class=\"elementor-widget-container\">\n\t\t\t\t\t<div class=\"cms-heading-wrapper\">\r\n        <div class=\"cms-heading cms-mainheading text-24 mt-n8 text-\">Apal MW, nouvelle-n\u00e9e de la fusion de l'ADE et 3N D\u00e9veloppement<\/div>\r\n    <div class=\"cms-heading-extra-space\"><\/div>\r\n    <div class=\"cms-heading-desc empty-none pt-10 text-16 lh-27 text-\"><\/div>\r\n<\/div>\t\t\t\t<\/div>\n\t\t\t\t<\/div>\n\t\t\t\t<div class=\"elementor-element elementor-element-27e054b elementor-widget elementor-widget-text-editor\" data-id=\"27e054b\" data-element_type=\"widget\" data-e-type=\"widget\" data-widget_type=\"text-editor.default\">\n\t\t\t\t<div class=\"elementor-widget-container\">\n\t\t\t\t\t\t\t\t\t<h6>19 juillet 2023<\/h6><p><strong>L\u2019Agence de D\u00e9veloppement des ENR (ADE) et 3N D\u00e9veloppement s\u2019associent pour former la soci\u00e9t\u00e9 APAL M\u00e9gawatt \u00ab\u00a0Apal MW \u00bb, d\u00e9veloppeur et producteur ind\u00e9pendant d\u2019\u00e9nergies renouvelables.<\/strong><\/p><p>Antoine Pedersoli et Antoine Leclerc, pr\u00e9sidents respectifs d\u2019ADE et de 3N D\u00e9veloppement, ont annonc\u00e9 la fusion de leurs entreprises pour la cr\u00e9ation de la soci\u00e9t\u00e9 Apal M\u00e9gawatt.<\/p><p><b><a href=\"https:\/\/www.environnement-magazine.fr\/energie\/article\/2023\/07\/19\/145234\/apal-mw-nouvellenee-fusion-ade-3n-developpement\" target=\"_blank\" rel=\"noopener\">Lire la suite<\/a><\/b><\/p>\t\t\t\t\t\t\t\t<\/div>\n\t\t\t\t<\/div>\n\t\t            <\/div>\r\n        <\/div>\r\n        \t\t\t<\/div>\r\n\t\t<\/section>\r\n\t\t            <\/div>\r\n        <\/div>\r\n        \t\t\t<\/div>\r\n\t\t<\/section>\r\n\t\t        <section class=\"elementor-section elementor-top-section elementor-element elementor-element-4f68de2 elementor-section-boxed elementor-section-height-default elementor-section-height-default cms-boxed-bg-false\" data-id=\"4f68de2\" data-element_type=\"section\" data-e-type=\"section\">\r\n\t\t\r\n\t\t<div class=\"cms-section-boxed-bg\"><\/div>        <div class=\"elementor-container elementor-column-gap-default\" >\r\n\t\t        <div class=\"elementor-column elementor-col-50 elementor-top-column elementor-element elementor-element-86293f2\" data-id=\"86293f2\" data-element_type=\"column\" data-e-type=\"column\">\r\n            <div class=\"elementor-widget-wrap elementor-element-populated\">\r\n                \t\t<div class=\"elementor-element elementor-element-fd78f98 elementor-widget elementor-widget-image\" data-id=\"fd78f98\" data-element_type=\"widget\" data-e-type=\"widget\" data-widget_type=\"image.default\">\n\t\t\t\t<div class=\"elementor-widget-container\">\n\t\t\t\t\t\t\t\t\t\t\t\t\t\t\t<img loading=\"lazy\" decoding=\"async\" width=\"600\" height=\"114\" src=\"https:\/\/apalmw.com\/wp-content\/uploads\/2023\/07\/logo.png\" class=\"attachment-full size-full wp-image-6331 has-transparency\" alt=\"Logo de PV Magazine, repr\u00e9sentant une publication d\u00e9di\u00e9e aux actualit\u00e9s et aux innovations dans le domaine des \u00e9nergies photovolta\u00efques.\" data-has-transparency=\"true\" data-dominant-color=\"00529b\" style=\"--dominant-color: #00529b\" \/>\t\t\t\t\t\t\t\t\t\t\t\t\t\t\t<\/div>\n\t\t\t\t<\/div>\n\t\t\t\t<div class=\"elementor-element elementor-element-de840e7 cms-heading-layout-1 elementor-widget elementor-widget-cms_heading\" data-id=\"de840e7\" data-element_type=\"widget\" data-e-type=\"widget\" data-widget_type=\"cms_heading.default\">\n\t\t\t\t<div class=\"elementor-widget-container\">\n\t\t\t\t\t<div class=\"cms-heading-wrapper\">\r\n        <div class=\"cms-heading cms-mainheading text-24 mt-n8 text-\">Le nouveau d\u00e9veloppeur francais APAL obtient le soutien du fonds suisse SUSI Partners<\/div>\r\n    <div class=\"cms-heading-extra-space\"><\/div>\r\n    <div class=\"cms-heading-desc empty-none pt-10 text-16 lh-27 text-\"><\/div>\r\n<\/div>\t\t\t\t<\/div>\n\t\t\t\t<\/div>\n\t\t\t\t<div class=\"elementor-element elementor-element-9cbc723 elementor-widget elementor-widget-text-editor\" data-id=\"9cbc723\" data-element_type=\"widget\" data-e-type=\"widget\" data-widget_type=\"text-editor.default\">\n\t\t\t\t<div class=\"elementor-widget-container\">\n\t\t\t\t\t\t\t\t\t<h6>13 juillet 2023<\/h6><p>Cr\u00e9\u00e9 le 12 juillet 2023, le d\u00e9veloppeur APAL MW est issu de la fusion de deux entreprises dans l\u2019\u00e9olien et le solaire et d\u00e9veloppe \u00e0 ce jour plus de 800 MW de projets. Avec cette op\u00e9ration, le fonds d\u2019investissement suisse SUSI veut renforcer sa pr\u00e9sence en France, march\u00e9 qu\u2019il estime tr\u00e8s prometteur.<\/p><p>Le fonds d\u2019investissement suisse SUSI Partners, par l\u2019interm\u00e9diaire de son fonds SETF, a acquis une participation majoritaire dans la nouvelle soci\u00e9t\u00e9 APAL. Cette derni\u00e8re est n\u00e9e le 12 juillet 2023 de la fusion des savoir-faire des deux d\u00e9veloppeurs fran\u00e7ais dans l\u2019\u00e9olien et le solaire 3N D\u00e9veloppement et L\u2019Agence de D\u00e9veloppement des ENR (ADE). Le groupe ainsi cr\u00e9\u00e9 d\u00e9veloppe \u00e0 ce jour plus de 800 MW de projets \u00e9oliens terrestres et solaires photovolta\u00efques \u00e0 grande \u00e9chelle et a le potentiel de s\u2019\u00e9tendre \u00e0 d\u2019autres secteurs de l\u2019univers de l\u2019\u00e9nergie propre tels que le stockage de l\u2019\u00e9nergie par batterie et le solaire photovolta\u00efque en toiture. APAL a implant\u00e9 son si\u00e8ge social \u00e0 Nancy, avec un bureau \u00e0 N\u00eemes et une pr\u00e9sence \u00e0 Dijon, Limoges et Brest.<\/p><p><strong><a href=\"https:\/\/www.pv-magazine.fr\/2023\/07\/13\/le-fonds-suisse-susi-prend-une-participation-dans-le-developpeur-francais-apal\/\" target=\"_blank\" rel=\"noopener\">Lire la suite<\/a><\/strong><\/p>\t\t\t\t\t\t\t\t<\/div>\n\t\t\t\t<\/div>\n\t\t            <\/div>\r\n        <\/div>\r\n                <div class=\"elementor-column elementor-col-50 elementor-top-column elementor-element elementor-element-c1625a3\" data-id=\"c1625a3\" data-element_type=\"column\" data-e-type=\"column\">\r\n            <div class=\"elementor-widget-wrap elementor-element-populated\">\r\n                        <section class=\"elementor-section elementor-inner-section elementor-element elementor-element-c0aa2d6 elementor-section-boxed elementor-section-height-default elementor-section-height-default cms-boxed-bg-false\" data-id=\"c0aa2d6\" data-element_type=\"section\" data-e-type=\"section\">\r\n\t\t\r\n\t\t<div class=\"cms-section-boxed-bg\"><\/div>        <div class=\"elementor-container elementor-column-gap-default\" >\r\n\t\t        <div class=\"elementor-column elementor-col-100 elementor-inner-column elementor-element elementor-element-af43b0e\" data-id=\"af43b0e\" data-element_type=\"column\" data-e-type=\"column\">\r\n            <div class=\"elementor-widget-wrap elementor-element-populated\">\r\n                \t\t<div class=\"elementor-element elementor-element-df24416 elementor-widget elementor-widget-image\" data-id=\"df24416\" data-element_type=\"widget\" data-e-type=\"widget\" data-widget_type=\"image.default\">\n\t\t\t\t<div class=\"elementor-widget-container\">\n\t\t\t\t\t\t\t\t\t\t\t\t\t\t\t<img loading=\"lazy\" decoding=\"async\" width=\"1032\" height=\"347\" src=\"https:\/\/apalmw.com\/wp-content\/uploads\/2023\/07\/LOGO_GREENUNIVERS_TRANSPARENT_BASELINE-1.png\" class=\"attachment-full size-full wp-image-6335 has-transparency\" alt=\"Logo de GreenUnivers, une plateforme d\u00e9di\u00e9e aux actualit\u00e9s et aux analyses sur les \u00e9nergies renouvelables et les technologies vertes.\" srcset=\"https:\/\/apalmw.com\/wp-content\/uploads\/2023\/07\/LOGO_GREENUNIVERS_TRANSPARENT_BASELINE-1.png 1032w, https:\/\/apalmw.com\/wp-content\/uploads\/2023\/07\/LOGO_GREENUNIVERS_TRANSPARENT_BASELINE-1-600x202.png 600w\" sizes=\"(max-width: 1032px) 100vw, 1032px\" data-has-transparency=\"true\" data-dominant-color=\"27597d\" style=\"--dominant-color: #27597d\" \/>\t\t\t\t\t\t\t\t\t\t\t\t\t\t\t<\/div>\n\t\t\t\t<\/div>\n\t\t\t\t<div class=\"elementor-element elementor-element-2dd2505 cms-heading-layout-1 elementor-widget elementor-widget-cms_heading\" data-id=\"2dd2505\" data-element_type=\"widget\" data-e-type=\"widget\" data-widget_type=\"cms_heading.default\">\n\t\t\t\t<div class=\"elementor-widget-container\">\n\t\t\t\t\t<div class=\"cms-heading-wrapper\">\r\n        <div class=\"cms-heading cms-mainheading text-24 mt-n8 text-\">Deux d\u00e9veloppeurs fusionnent avec le soutien de Susi Partners<\/div>\r\n    <div class=\"cms-heading-extra-space\"><\/div>\r\n    <div class=\"cms-heading-desc empty-none pt-10 text-16 lh-27 text-\"><\/div>\r\n<\/div>\t\t\t\t<\/div>\n\t\t\t\t<\/div>\n\t\t\t\t<div class=\"elementor-element elementor-element-5aa64f1 elementor-widget elementor-widget-text-editor\" data-id=\"5aa64f1\" data-element_type=\"widget\" data-e-type=\"widget\" data-widget_type=\"text-editor.default\">\n\t\t\t\t<div class=\"elementor-widget-container\">\n\t\t\t\t\t\t\t\t\t<h6>17 \u00a0juillet 2023<\/h6><p>Les d\u00e9veloppeurs fran\u00e7ais 3N D\u00e9veloppement et ADE (L\u2019Agence de D\u00e9veloppement des EnR) ont fusionn\u00e9 pour donner naissance \u00e0 Apal MW, dont une participation majoritaire est acquise par la soci\u00e9t\u00e9 de gestion suisse Susi Partners.<\/p><p>Les deux acteurs ont une bonne exp\u00e9rience dans le d\u00e9veloppement de projets solaires et \u00e9oliens pour compte de tiers et veulent maintenant construire et exploiter de nouveaux actifs.<\/p><p>ADE \u00e9tait dirig\u00e9 par Antoine Pedersoli et 3N D\u00e9veloppement par Antoine Leclerc, lesquels restent &#8230;<\/p><p><strong><a href=\"https:\/\/www.greenunivers.com\/2023\/07\/deux-developpeurs-fusionnent-avec-le-soutien-de-susi-partners-327439\/\" target=\"_blank\" rel=\"noopener\">Lire la suite<\/a><\/strong><\/p>\t\t\t\t\t\t\t\t<\/div>\n\t\t\t\t<\/div>\n\t\t            <\/div>\r\n        <\/div>\r\n        \t\t\t<\/div>\r\n\t\t<\/section>\r\n\t\t            <\/div>\r\n        <\/div>\r\n        \t\t\t<\/div>\r\n\t\t<\/section>\r\n\t\t        <section class=\"elementor-section elementor-top-section elementor-element elementor-element-ab68e32 elementor-section-boxed elementor-section-height-default elementor-section-height-default cms-boxed-bg-false\" data-id=\"ab68e32\" data-element_type=\"section\" data-e-type=\"section\">\r\n\t\t\r\n\t\t<div class=\"cms-section-boxed-bg\"><\/div>        <div class=\"elementor-container elementor-column-gap-default\" >\r\n\t\t        <div class=\"elementor-column elementor-col-100 elementor-top-column elementor-element elementor-element-3e05a48\" data-id=\"3e05a48\" data-element_type=\"column\" data-e-type=\"column\">\r\n            <div class=\"elementor-widget-wrap elementor-element-populated\">\r\n                \t\t<div class=\"elementor-element elementor-element-02c0db8 cms-heading-layout-1 elementor-widget elementor-widget-cms_heading\" data-id=\"02c0db8\" data-element_type=\"widget\" data-e-type=\"widget\" data-widget_type=\"cms_heading.default\">\n\t\t\t\t<div class=\"elementor-widget-container\">\n\t\t\t\t\t<div class=\"cms-heading-wrapper\">\r\n        <div class=\"cms-heading cms-mainheading text-24 mt-n8 text-\">Communiqu\u00e9 de presse - 12 Juillet 2023<\/div>\r\n    <div class=\"cms-heading-extra-space\"><\/div>\r\n    <div class=\"cms-heading-desc empty-none pt-10 text-16 lh-27 text-\"><\/div>\r\n<\/div>\t\t\t\t<\/div>\n\t\t\t\t<\/div>\n\t\t\t\t<div class=\"elementor-element elementor-element-ca945a6 elementor-widget elementor-widget-text-editor\" data-id=\"ca945a6\" data-element_type=\"widget\" data-e-type=\"widget\" data-widget_type=\"text-editor.default\">\n\t\t\t\t<div class=\"elementor-widget-container\">\n\t\t\t\t\t\t\t\t\t<p><strong>ADE ET 3N D\u00e9veloppement fusionnent pour devenir APAL MW<\/strong><\/p><p>L\u2019agence de D\u00e9veloppement des ENR (ADE) et 3N D\u00e9veloppement, cr\u00e9\u00e9es et pr\u00e9sid\u00e9es respectivement par Antoine Pedersoli et Antoine Leclerc, fusionnent en 2023 pour devenir d\u00e9veloppeur et producteur ind\u00e9pendant d\u2019\u00e9nergies renouvelables, en cr\u00e9ant la soci\u00e9t\u00e9 APAL MW (\u00ab\u00a0APAL M\u00e9gawatt\u00a0\u00bb ou \u00ab\u00a0APAL\u00a0\u00bb).<span class=\"Apple-converted-space\">\u00a0<\/span><\/p><p>Leurs missions et leurs visions similaires de tisser des liens de proximit\u00e9 fort avec les acteurs locaux les am\u00e8nent alors \u00e0 s\u2019associer. Avec une exp\u00e9rience de plus de 10 ans acquise dans le milieu des \u00e9nergies renouvelables, la nouvelle soci\u00e9t\u00e9 APAL a pour ambition de d\u00e9velopper, construire et exploiter des parcs \u00e9oliens et photovolta\u00efques.<\/p><p>La nouvelle soci\u00e9t\u00e9 a obtenu le soutien d\u2019un des fonds de l\u2019investisseur international en infrastructures\u00a0<a href=\"https:\/\/www.susi-partners.com\/\" target=\"_blank\" rel=\"noopener\">SUSI Partners<\/a>.<\/p><p>\u00a0<\/p><p><b>UNE PME AGILE ET PROCHE DES ACTEURS DU TERRITOIRE<\/b><\/p><p>Restant une PME \u00e0 taille humaine, avec actuellement une vingtaine de salari\u00e9s, l\u2019agilit\u00e9, l\u2019\u00e9coute et la disponibilit\u00e9 sont les forces d\u2019APAL MW.\u00a0<span class=\"Apple-converted-space\">\u00a0<\/span><\/p><p>La raison d\u2019\u00eatre d\u2019APAL est de d\u00e9velopper des liens sinc\u00e8res, sur du long terme, avec les territoires, afin de participer \u00e0 la construction d\u2019un monde plus durable dans le respect de tous les \u00eatres vivants. Lorsqu\u2019un territoire produit de l\u2019\u00e9nergie renouvelable, cela peut \u00eatre un levier pour f\u00e9d\u00e9rer les acteurs locaux pour une cause commune.<span class=\"Apple-converted-space\">\u00a0<\/span><\/p><p>Actuellement, APAL a environ 800 MW de projets \u00e9oliens et photovolta\u00efques en cours de d\u00e9veloppement, avec des partenaires tiers ou en propre. APAL et son partenaire\u00a0<a href=\"https:\/\/www.susi-partners.com\/\" target=\"_blank\" rel=\"noopener\">SUSI Partners<\/a>\u00a0sont \u00e9galement \u00e0 l\u2019\u00e9coute d\u2019opportunit\u00e9s d\u2019acquisition de projets.<span class=\"Apple-converted-space\">\u00a0<\/span><\/p><p>APAL a implant\u00e9 son si\u00e8ge social \u00e0 Nancy, mais il y a \u00e9galement un bureau \u00e0 N\u00eemes et une pr\u00e9sence \u00e0 Dijon, Limoges et Brest.<\/p><p>\u00ab\u00a0<i>Apr\u00e8s de nombreuses ann\u00e9es de collaboration avec mon confr\u00e8re et ami Antoine Leclerc ainsi qu\u2019avec son entreprise 3N D\u00e9veloppement, nous sommes plus que ravis et motiv\u00e9s par cette nouvelle aventure, pour pousser ensemble la croissance du renouvelable dans notre pays<\/i>\u00a0\u00bb Antoine Pedersoli, Directeur d\u2019APAL.<\/p><p>\u00ab\u00a0<i>Nous sommes fiers d\u2019avoir la confiance de SUSI Partners pour nous accompagner, et remercions tous nos partenaires existants et collaborateurs, avec lesquels nous souhaitons continuer de d\u00e9velopper des projets locaux de qualit\u00e9.<\/i>\u00a0\u00bb Antoine Leclerc, Directeur d\u2019APAL.<\/p><p>Richard Braakenburg, Head of Equity Investments chez\u00a0<a href=\"https:\/\/www.susi-partners.com\/\" target=\"_blank\" rel=\"noopener\">SUSI Partners<\/a>\u00a0: \u00ab\u00a0<i>La France prend des mesures importantes en faveur d\u2019un avenir \u00e9nerg\u00e9tique propre et nous sommes impatients d\u2019apporter notre expertise de longue date en tant qu\u2019investisseurs sp\u00e9cialis\u00e9s dans les infrastructures de transition \u00e9nerg\u00e9tique pour relever ce d\u00e9fi cl\u00e9. L\u2019immense comp\u00e9tence et l\u2019\u00e9tat d\u2019esprit ax\u00e9 sur le d\u00e9veloppement durable de tous les membres d\u2019APAL sont indispensables pour garantir que la mise en place d\u2019infrastructures \u00e9nerg\u00e9tiques propres se fasse non seulement rapidement, mais aussi avec le soutien des communaut\u00e9s locales.<\/i>\u00bb<\/p><p><strong>A propos d\u2019APAL\u00a0:<\/strong><br \/>3N D\u00e9veloppement et ADE ont d\u00e9cid\u00e9 de fusionner leurs entreprises avec pour objectif de devenir producteur d\u2019\u00e9nergies renouvelables. Avec une exp\u00e9rience de plus de 10 ans, APAL d\u00e9veloppe, construit et exploite des projets de parcs \u00e9oliens et photovolta\u00efques en France.<br \/>APAL d\u00e9veloppe des projets en tissant un lien fort avec les acteurs locaux, gr\u00e2ce \u00e0 un maillage territoriale et une valeur de proximit\u00e9 forte.<span class=\"Apple-converted-space\">\u00a0\u00a0<\/span>Restant une PME, l\u2019agilit\u00e9 est une des forces d\u2019APAL.<span class=\"Apple-converted-space\">\u00a0\u00a0<\/span>Des liens sinc\u00e8res et durables sont tiss\u00e9s avec les acteurs locaux. APAL a implant\u00e9 son si\u00e8ge social \u00e0 Nancy avec un bureau \u00e0 N\u00eemes et une pr\u00e9sence \u00e0 Dijon, Limoges et Brest.<\/p><p><strong>A propos de SUSI Partners\u00a0:<span class=\"Apple-converted-space\"><br \/><\/span><\/strong>Fond\u00e9 en 2009,\u00a0<a href=\"https:\/\/www.susi-partners.com\/\" target=\"_blank\" rel=\"noopener\">SUSI Partners<\/a>\u00a0est un gestionnaire de fonds suisse sp\u00e9cialis\u00e9 dans les investissements dans les infrastructures \u00e9nerg\u00e9tiques durables, avec 1,9 milliard d\u2019euros d\u2019engagements en capital de la part d\u2019investisseurs institutionnels. La strat\u00e9gie d\u2019investissement de l\u2019entreprise se concentre sur les opportunit\u00e9s de capital-investissement et de cr\u00e9dit dans l\u2019ensemble du spectre de la transition \u00e9nerg\u00e9tique, y compris la production d\u2019\u00e9nergie propre, les mesures d\u2019efficacit\u00e9 \u00e9nerg\u00e9tique et les solutions permettant l\u2019utilisation d\u2019\u00e9nergie propre. Avec plus de 140 transactions r\u00e9alis\u00e9es \u00e0 ce jour dans plus de 20 pays,\u00a0<a href=\"https:\/\/www.susi-partners.com\/\" target=\"_blank\" rel=\"noopener\">SUSI Partners<\/a>\u00a0cherche \u00e0 obtenir des rendements ajust\u00e9s au risque attrayants pour ses clients et leurs b\u00e9n\u00e9ficiaires, tout en contribuant de mani\u00e8re significative \u00e0 la r\u00e9alisation de la neutralit\u00e9 climatique mondiale.<\/p>\t\t\t\t\t\t\t\t<\/div>\n\t\t\t\t<\/div>\n\t\t            <\/div>\r\n        <\/div>\r\n        \t\t\t<\/div>\r\n\t\t<\/section>\r\n\t\t\t\t<\/div>","protected":false},"excerpt":{"rendered":"<p>APAL MW Actualit\u00e9s APAL MW s&#8217;associe a SiteTracker pour la gestion de ses projets EnR 15 juillet 2025 MONTCLAIR, New Jersey, 15 juillet 2025 \u2014 Sitetracker, leader mondial des logiciels complets de gestion du cycle de vie des actifs, a annonc\u00e9 aujourd&#8217;hui un partenariat strat\u00e9gique avec APAL MW, un producteur d&#8217;\u00e9lectricit\u00e9 ind\u00e9pendant sp\u00e9cialis\u00e9 dans le [&hellip;]<\/p>\n","protected":false},"author":1,"featured_media":7839,"parent":0,"menu_order":0,"comment_status":"closed","ping_status":"closed","template":"","meta":{"_coblocks_attr":"","_coblocks_dimensions":"","_coblocks_responsive_height":"","_coblocks_accordion_ie_support":"","footnotes":""},"class_list":["post-5531","page","type-page","status-publish","has-post-thumbnail","hentry","cms-has-post-thumbnail"],"yoast_head":"<!-- This site is optimized with the Yoast SEO plugin v27.5 - https:\/\/yoast.com\/product\/yoast-seo-wordpress\/ -->\n<title>Actualit\u00e9s - APAL MW<\/title>\n<meta name=\"description\" content=\"Restez inform\u00e9 avec les derni\u00e8res nouvelles de notre soci\u00e9t\u00e9 : innovations, projets, et succ\u00e8s. D\u00e9couvrez nos initiatives et nos engagements.\" \/>\n<meta name=\"robots\" content=\"index, follow, max-snippet:-1, max-image-preview:large, max-video-preview:-1\" \/>\n<link rel=\"canonical\" href=\"https:\/\/apalmw.com\/en\/apal-mw-actualites\/\" \/>\n<meta property=\"og:locale\" content=\"en_US\" \/>\n<meta property=\"og:type\" content=\"article\" \/>\n<meta property=\"og:title\" content=\"Actualit\u00e9s - APAL MW\" \/>\n<meta property=\"og:description\" content=\"Restez inform\u00e9 avec les derni\u00e8res nouvelles de notre soci\u00e9t\u00e9 : innovations, projets, et succ\u00e8s. D\u00e9couvrez nos initiatives et nos engagements.\" \/>\n<meta property=\"og:url\" content=\"https:\/\/apalmw.com\/en\/apal-mw-actualites\/\" \/>\n<meta property=\"og:site_name\" content=\"APAL MW\" \/>\n<meta property=\"article:modified_time\" content=\"2026-02-24T22:39:48+00:00\" \/>\n<meta property=\"og:image\" content=\"https:\/\/apalmw.com\/wp-content\/uploads\/2025\/04\/apal_mw_logo-1.webp\" \/>\n\t<meta property=\"og:image:width\" content=\"200\" \/>\n\t<meta property=\"og:image:height\" content=\"200\" \/>\n\t<meta property=\"og:image:type\" content=\"image\/webp\" \/>\n<meta name=\"twitter:card\" content=\"summary_large_image\" \/>\n<meta name=\"twitter:label1\" content=\"Est. reading time\" \/>\n\t<meta name=\"twitter:data1\" content=\"8 minutes\" \/>\n<script type=\"application\/ld+json\" class=\"yoast-schema-graph\">{\"@context\":\"https:\\\/\\\/schema.org\",\"@graph\":[{\"@type\":\"WebPage\",\"@id\":\"https:\\\/\\\/apalmw.com\\\/apal-mw-actualites\\\/\",\"url\":\"https:\\\/\\\/apalmw.com\\\/apal-mw-actualites\\\/\",\"name\":\"Actualit\u00e9s - APAL MW\",\"isPartOf\":{\"@id\":\"https:\\\/\\\/apalmw.com\\\/#website\"},\"primaryImageOfPage\":{\"@id\":\"https:\\\/\\\/apalmw.com\\\/apal-mw-actualites\\\/#primaryimage\"},\"image\":{\"@id\":\"https:\\\/\\\/apalmw.com\\\/apal-mw-actualites\\\/#primaryimage\"},\"thumbnailUrl\":\"https:\\\/\\\/apalmw.com\\\/wp-content\\\/uploads\\\/2025\\\/04\\\/apal_mw_logo-1.webp\",\"datePublished\":\"2023-07-01T15:40:57+00:00\",\"dateModified\":\"2026-02-24T22:39:48+00:00\",\"description\":\"Restez inform\u00e9 avec les derni\u00e8res nouvelles de notre soci\u00e9t\u00e9 : innovations, projets, et succ\u00e8s. D\u00e9couvrez nos initiatives et nos engagements.\",\"breadcrumb\":{\"@id\":\"https:\\\/\\\/apalmw.com\\\/apal-mw-actualites\\\/#breadcrumb\"},\"inLanguage\":\"en-US\",\"potentialAction\":[{\"@type\":\"ReadAction\",\"target\":[\"https:\\\/\\\/apalmw.com\\\/apal-mw-actualites\\\/\"]}]},{\"@type\":\"ImageObject\",\"inLanguage\":\"en-US\",\"@id\":\"https:\\\/\\\/apalmw.com\\\/apal-mw-actualites\\\/#primaryimage\",\"url\":\"https:\\\/\\\/apalmw.com\\\/wp-content\\\/uploads\\\/2025\\\/04\\\/apal_mw_logo-1.webp\",\"contentUrl\":\"https:\\\/\\\/apalmw.com\\\/wp-content\\\/uploads\\\/2025\\\/04\\\/apal_mw_logo-1.webp\",\"width\":200,\"height\":200,\"caption\":\"Logo de la soci\u00e9t\u00e9 APAL MW fond\u00e9e en 2023 par Antoine Leclerc et Antoine Pedersoli\"},{\"@type\":\"BreadcrumbList\",\"@id\":\"https:\\\/\\\/apalmw.com\\\/apal-mw-actualites\\\/#breadcrumb\",\"itemListElement\":[{\"@type\":\"ListItem\",\"position\":1,\"name\":\"Accueil\",\"item\":\"https:\\\/\\\/apalmw.com\\\/\"},{\"@type\":\"ListItem\",\"position\":2,\"name\":\"APAL MW actualit\u00e9s\"}]},{\"@type\":\"WebSite\",\"@id\":\"https:\\\/\\\/apalmw.com\\\/#website\",\"url\":\"https:\\\/\\\/apalmw.com\\\/\",\"name\":\"APAL MW\",\"description\":\"Ensemble vers l&#039;\u00e9nergie de demain\",\"publisher\":{\"@id\":\"https:\\\/\\\/apalmw.com\\\/#organization\"},\"alternateName\":\"APAL\",\"potentialAction\":[{\"@type\":\"SearchAction\",\"target\":{\"@type\":\"EntryPoint\",\"urlTemplate\":\"https:\\\/\\\/apalmw.com\\\/?s={search_term_string}\"},\"query-input\":{\"@type\":\"PropertyValueSpecification\",\"valueRequired\":true,\"valueName\":\"search_term_string\"}}],\"inLanguage\":\"en-US\"},{\"@type\":\"Organization\",\"@id\":\"https:\\\/\\\/apalmw.com\\\/#organization\",\"name\":\"APAL MW\",\"alternateName\":\"APALMW\",\"url\":\"https:\\\/\\\/apalmw.com\\\/\",\"logo\":{\"@type\":\"ImageObject\",\"inLanguage\":\"en-US\",\"@id\":\"https:\\\/\\\/apalmw.com\\\/#\\\/schema\\\/logo\\\/image\\\/\",\"url\":\"\",\"contentUrl\":\"\",\"caption\":\"APAL MW\"},\"image\":{\"@id\":\"https:\\\/\\\/apalmw.com\\\/#\\\/schema\\\/logo\\\/image\\\/\"},\"sameAs\":[\"https:\\\/\\\/fr.linkedin.com\\\/company\\\/apal-mw\",\"https:\\\/\\\/www.youtube.com\\\/@APALMW\"]}]}<\/script>\n<!-- \/ Yoast SEO plugin. -->","yoast_head_json":{"title":"Actualit\u00e9s - APAL MW","description":"Restez inform\u00e9 avec les derni\u00e8res nouvelles de notre soci\u00e9t\u00e9 : innovations, projets, et succ\u00e8s. D\u00e9couvrez nos initiatives et nos engagements.","robots":{"index":"index","follow":"follow","max-snippet":"max-snippet:-1","max-image-preview":"max-image-preview:large","max-video-preview":"max-video-preview:-1"},"canonical":"https:\/\/apalmw.com\/en\/apal-mw-actualites\/","og_locale":"en_US","og_type":"article","og_title":"Actualit\u00e9s - APAL MW","og_description":"Restez inform\u00e9 avec les derni\u00e8res nouvelles de notre soci\u00e9t\u00e9 : innovations, projets, et succ\u00e8s. D\u00e9couvrez nos initiatives et nos engagements.","og_url":"https:\/\/apalmw.com\/en\/apal-mw-actualites\/","og_site_name":"APAL MW","article_modified_time":"2026-02-24T22:39:48+00:00","og_image":[{"width":200,"height":200,"url":"https:\/\/apalmw.com\/wp-content\/uploads\/2025\/04\/apal_mw_logo-1.webp","type":"image\/webp"}],"twitter_card":"summary_large_image","twitter_misc":{"Est. reading time":"8 minutes"},"schema":{"@context":"https:\/\/schema.org","@graph":[{"@type":"WebPage","@id":"https:\/\/apalmw.com\/apal-mw-actualites\/","url":"https:\/\/apalmw.com\/apal-mw-actualites\/","name":"Actualit\u00e9s - APAL MW","isPartOf":{"@id":"https:\/\/apalmw.com\/#website"},"primaryImageOfPage":{"@id":"https:\/\/apalmw.com\/apal-mw-actualites\/#primaryimage"},"image":{"@id":"https:\/\/apalmw.com\/apal-mw-actualites\/#primaryimage"},"thumbnailUrl":"https:\/\/apalmw.com\/wp-content\/uploads\/2025\/04\/apal_mw_logo-1.webp","datePublished":"2023-07-01T15:40:57+00:00","dateModified":"2026-02-24T22:39:48+00:00","description":"Restez inform\u00e9 avec les derni\u00e8res nouvelles de notre soci\u00e9t\u00e9 : innovations, projets, et succ\u00e8s. D\u00e9couvrez nos initiatives et nos engagements.","breadcrumb":{"@id":"https:\/\/apalmw.com\/apal-mw-actualites\/#breadcrumb"},"inLanguage":"en-US","potentialAction":[{"@type":"ReadAction","target":["https:\/\/apalmw.com\/apal-mw-actualites\/"]}]},{"@type":"ImageObject","inLanguage":"en-US","@id":"https:\/\/apalmw.com\/apal-mw-actualites\/#primaryimage","url":"https:\/\/apalmw.com\/wp-content\/uploads\/2025\/04\/apal_mw_logo-1.webp","contentUrl":"https:\/\/apalmw.com\/wp-content\/uploads\/2025\/04\/apal_mw_logo-1.webp","width":200,"height":200,"caption":"Logo de la soci\u00e9t\u00e9 APAL MW fond\u00e9e en 2023 par Antoine Leclerc et Antoine Pedersoli"},{"@type":"BreadcrumbList","@id":"https:\/\/apalmw.com\/apal-mw-actualites\/#breadcrumb","itemListElement":[{"@type":"ListItem","position":1,"name":"Accueil","item":"https:\/\/apalmw.com\/"},{"@type":"ListItem","position":2,"name":"APAL MW actualit\u00e9s"}]},{"@type":"WebSite","@id":"https:\/\/apalmw.com\/#website","url":"https:\/\/apalmw.com\/","name":"APAL MW","description":"Ensemble vers l&#039;\u00e9nergie de demain","publisher":{"@id":"https:\/\/apalmw.com\/#organization"},"alternateName":"APAL","potentialAction":[{"@type":"SearchAction","target":{"@type":"EntryPoint","urlTemplate":"https:\/\/apalmw.com\/?s={search_term_string}"},"query-input":{"@type":"PropertyValueSpecification","valueRequired":true,"valueName":"search_term_string"}}],"inLanguage":"en-US"},{"@type":"Organization","@id":"https:\/\/apalmw.com\/#organization","name":"APAL MW","alternateName":"APALMW","url":"https:\/\/apalmw.com\/","logo":{"@type":"ImageObject","inLanguage":"en-US","@id":"https:\/\/apalmw.com\/#\/schema\/logo\/image\/","url":"","contentUrl":"","caption":"APAL MW"},"image":{"@id":"https:\/\/apalmw.com\/#\/schema\/logo\/image\/"},"sameAs":["https:\/\/fr.linkedin.com\/company\/apal-mw","https:\/\/www.youtube.com\/@APALMW"]}]}},"_links":{"self":[{"href":"https:\/\/apalmw.com\/en\/wp-json\/wp\/v2\/pages\/5531","targetHints":{"allow":["GET"]}}],"collection":[{"href":"https:\/\/apalmw.com\/en\/wp-json\/wp\/v2\/pages"}],"about":[{"href":"https:\/\/apalmw.com\/en\/wp-json\/wp\/v2\/types\/page"}],"author":[{"embeddable":true,"href":"https:\/\/apalmw.com\/en\/wp-json\/wp\/v2\/users\/1"}],"replies":[{"embeddable":true,"href":"https:\/\/apalmw.com\/en\/wp-json\/wp\/v2\/comments?post=5531"}],"version-history":[{"count":5,"href":"https:\/\/apalmw.com\/en\/wp-json\/wp\/v2\/pages\/5531\/revisions"}],"predecessor-version":[{"id":8895,"href":"https:\/\/apalmw.com\/en\/wp-json\/wp\/v2\/pages\/5531\/revisions\/8895"}],"wp:featuredmedia":[{"embeddable":true,"href":"https:\/\/apalmw.com\/en\/wp-json\/wp\/v2\/media\/7839"}],"wp:attachment":[{"href":"https:\/\/apalmw.com\/en\/wp-json\/wp\/v2\/media?parent=5531"}],"curies":[{"name":"wp","href":"https:\/\/api.w.org\/{rel}","templated":true}]}}