{"id":25,"date":"2020-12-08T09:27:02","date_gmt":"2020-12-08T09:27:02","guid":{"rendered":"https:\/\/demo.cmssuperheroes.com\/themeforest\/solatec\/?page_id=25"},"modified":"2025-05-16T14:56:53","modified_gmt":"2025-05-16T13:56:53","slug":"notre-histoire-developpeur-et-producteur","status":"publish","type":"page","link":"https:\/\/apalmw.com\/en\/notre-histoire-developpeur-et-producteur\/","title":{"rendered":"Notre histoire"},"content":{"rendered":"<div data-elementor-type=\"wp-page\" data-elementor-id=\"25\" class=\"elementor elementor-25\" data-elementor-post-type=\"page\">\n\t\t\t\t        <section class=\"elementor-section elementor-top-section elementor-element elementor-element-aefa8e5 elementor-section-boxed elementor-section-height-default elementor-section-height-default cms-boxed-bg-false\" data-id=\"aefa8e5\" data-element_type=\"section\" data-e-type=\"section\">\r\n\t\t\r\n\t\t<div class=\"cms-section-boxed-bg\"><\/div>        <div class=\"elementor-container elementor-column-gap-default\" >\r\n\t\t        <div class=\"elementor-column elementor-col-100 elementor-top-column elementor-element elementor-element-27a9a0e\" data-id=\"27a9a0e\" data-element_type=\"column\" data-e-type=\"column\">\r\n            <div class=\"elementor-widget-wrap elementor-element-populated\">\r\n                \t\t<div class=\"elementor-element elementor-element-408041a cms-page-title-layout-1 elementor-widget elementor-widget-cms_page_title\" data-id=\"408041a\" data-element_type=\"widget\" data-e-type=\"widget\" data-widget_type=\"cms_page_title.default\">\n\t\t\t\t<div class=\"elementor-widget-container\">\n\t\t\t\t\t\r\n<div class=\"cms-page-title-wrapper pt-100 pt-lg-150 pt-xl-240 text-start\" style=\"background-image:url(https:\/\/apalmw.com\/wp-content\/uploads\/2020\/12\/APAL_MW_1200x600_solaire-jpg.avif);\">\r\n    <div class=\"container\">\r\n        <div class=\"row\">\r\n            <div class=\"col-xl-5\">\r\n                <div class=\"cms-page-title-content relative bg-white p-20 p-lr-lg-50 p-tb-lg-45 cms-radius-br-8 cms-shadow-2 mb-n50\">\r\n                                                                <div class=\"cms-heading text-28 lh-32 text-accent\">D\u00e9veloppeur et producteur ind\u00e9pendant d\u2019\u00e9nergies renouvelables.<\/div>\r\n                                                <div class=\"cms-heading cms-subheading text-16 lh-26 pt-15 text-\">L&#039;agence de D\u00e9veloppement des EnR (ADE) et 3N D\u00e9veloppement, cr\u00e9\u00e9es et pr\u00e9sid\u00e9es respectivement par Antoine Pedersoli et Antoine Leclerc, fusionnent en 2023 pour devenir d\u00e9veloppeur et producteur ind\u00e9pendant d\u2019\u00e9nergies renouvelables, en cr\u00e9ant la soci\u00e9t\u00e9 APAL MW (\u00abAPAL M\u00e9gawatt\n\u00bb ou \u00ab APAL \u00bb).<\/div>\r\n                                            <div class=\"cms-heading-desc text-15 lh-25 pt-15 text-\"><p>Leurs missions et leurs visions similaires de tisser des liens de proximit\u00e9 fort avec les acteurs locaux les am\u00e8nent alors \u00e0 s\u2019associer. Avec une exp\u00e9rience de plus de 10 ans acquise dans le milieu des \u00e9nergies renouvelables, la nouvelle soci\u00e9t\u00e9 APAL a pour ambition de d\u00e9velopper, construire et exploiter des parcs \u00e9oliens et photovolta\u00efques.<\/p>\n<p>La raison d\u2019\u00eatre d\u2019APAL est de d\u00e9velopper des liens sinc\u00e8res, sur du long terme, avec les territoires, afin de participer \u00e0 la construction d\u2019un monde plus durable dans le respect de tous les \u00eatres vivants.<\/p>\n<\/div>\r\n                                    <\/div>\r\n            <\/div>\r\n        <\/div>\r\n    <\/div>\r\n<\/div>\t\t\t\t<\/div>\n\t\t\t\t<\/div>\n\t\t            <\/div>\r\n        <\/div>\r\n        \t\t\t<\/div>\r\n\t\t<\/section>\r\n\t\t        <section class=\"elementor-section elementor-top-section elementor-element elementor-element-69383ed elementor-section-boxed elementor-section-height-default elementor-section-height-default cms-boxed-bg-false\" data-id=\"69383ed\" data-element_type=\"section\" data-e-type=\"section\">\r\n\t\t\r\n\t\t<div class=\"cms-section-boxed-bg\"><\/div>        <div class=\"elementor-container elementor-column-gap-default\" >\r\n\t\t        <div class=\"elementor-column elementor-col-100 elementor-top-column elementor-element elementor-element-6501762\" data-id=\"6501762\" data-element_type=\"column\" data-e-type=\"column\">\r\n            <div class=\"elementor-widget-wrap elementor-element-populated\">\r\n                \t\t<div class=\"elementor-element elementor-element-90810f1 cms-page-title-layout-1 elementor-widget elementor-widget-cms_page_title\" data-id=\"90810f1\" data-element_type=\"widget\" data-e-type=\"widget\" data-widget_type=\"cms_page_title.default\">\n\t\t\t\t<div class=\"elementor-widget-container\">\n\t\t\t\t\t\r\n<div class=\"cms-page-title-wrapper pt-100 pt-lg-150 pt-xl-240 text-justify\" style=\"background-image:url(https:\/\/apalmw.com\/wp-content\/uploads\/2024\/05\/head4-jpg.webp);\">\r\n    <div class=\"container\">\r\n        <div class=\"row\">\r\n            <div class=\"col-xl-5\">\r\n                <div class=\"cms-page-title-content relative bg-white p-20 p-lr-lg-50 p-tb-lg-45 cms-radius-br-8 cms-shadow-2 mb-n50\">\r\n                                                                <div class=\"cms-heading text-28 lh-32 text-accent\">ADE EnR:<\/div>\r\n                                            <div class=\"cms-heading-desc text-15 lh-25 pt-15 text-\"><p>ADE est une soci\u00e9t\u00e9 issue d'une famille d'entrepreneurs. Le grand-p\u00e8re, le p\u00e8re  et ensuite Antoine Pedersoli ont d\u00e9velopp\u00e9 le premier parc \u00e9olien dans le d\u00e9partement de la Meuse en 2006.<br \/>\nAntoine a ensuite repris l'exploitation en 2013. Puis suite \u00e0 diverses opportunit\u00e9s de d\u00e9veloppement de projets autour de ce premier parc, l'activit\u00e9 de d\u00e9veloppement de parc \u00e9olien est n\u00e9e pour former ADE fin 2016.<br \/>\nLa valeur dominante d'ADE est celle d'\u00eatre proche des territoires, de tisser des liens de proximit\u00e9 fort avec les acteurs locaux.<\/p>\n<\/div>\r\n                                    <\/div>\r\n            <\/div>\r\n        <\/div>\r\n    <\/div>\r\n<\/div>\t\t\t\t<\/div>\n\t\t\t\t<\/div>\n\t\t            <\/div>\r\n        <\/div>\r\n        \t\t\t<\/div>\r\n\t\t<\/section>\r\n\t\t        <section class=\"elementor-section elementor-top-section elementor-element elementor-element-757687f0 elementor-section-content-middle elementor-section-boxed elementor-section-height-default elementor-section-height-default cms-boxed-bg-false\" data-id=\"757687f0\" data-element_type=\"section\" data-e-type=\"section\">\r\n\t\t            <div class=\"elementor-background-overlay\"><\/div>\r\n\t\t\r\n\t\t<div class=\"cms-section-boxed-bg\"><\/div>        <div class=\"elementor-container elementor-column-gap-no\" >\r\n\t\t        <div class=\"elementor-column elementor-col-100 elementor-top-column elementor-element elementor-element-762db32c\" data-id=\"762db32c\" data-element_type=\"column\" data-e-type=\"column\">\r\n            <div class=\"elementor-widget-wrap elementor-element-populated\">\r\n                \t\t<div class=\"elementor-element elementor-element-9e8f33b cms-page-title-layout-1 elementor-widget elementor-widget-cms_page_title\" data-id=\"9e8f33b\" data-element_type=\"widget\" data-e-type=\"widget\" data-widget_type=\"cms_page_title.default\">\n\t\t\t\t<div class=\"elementor-widget-container\">\n\t\t\t\t\t\r\n<div class=\"cms-page-title-wrapper pt-100 pt-lg-150 pt-xl-240 text-justify\" style=\"background-image:url(https:\/\/apalmw.com\/wp-content\/uploads\/2020\/12\/APAL_MW_1200x600_ombrieres-jpg.avif);\">\r\n    <div class=\"container\">\r\n        <div class=\"row\">\r\n            <div class=\"col-xl-5\">\r\n                <div class=\"cms-page-title-content relative bg-white p-20 p-lr-lg-50 p-tb-lg-45 cms-radius-br-8 cms-shadow-2 mb-n50\">\r\n                                                                <div class=\"cms-heading text-28 lh-32 text-accent\">3N D\u00e9veloppement:<\/div>\r\n                                            <div class=\"cms-heading-desc text-15 lh-25 pt-15 text-\"><p>3N D\u00e9veloppement est cr\u00e9\u00e9e d\u00e9but 2018 par Antoine LECLERC qui plus t\u00f4t avait fait ses armes dans les ENR chez EDPR, JPEE et enfin en tant que directeur d\u00e9veloppement chez VSB \u00e9nergies nouvelles.<br \/>\nD\u00e9sireux de v\u00e9hiculer une image de disponibilit\u00e9, de r\u00e9activit\u00e9 et d\u2019expertise forte, la vision de 3N et de ses \u00e9quipes est de contribuer \u00e0 d\u00e9velopper des \u00e9nergies d\u00e9carbon\u00e9es, respectueuses de l\u2019environnement, f\u00e9d\u00e9rant tout le monde autour d\u2019un seul et m\u00eame objectif, cr\u00e9er le monde de demain et assurer une d\u00e9pendance \u00e9nerg\u00e9tique propre, saine et pour tous. <\/p>\n<\/div>\r\n                                    <\/div>\r\n            <\/div>\r\n        <\/div>\r\n    <\/div>\r\n<\/div>\t\t\t\t<\/div>\n\t\t\t\t<\/div>\n\t\t\t\t<div class=\"elementor-element elementor-element-bd7cf10 elementor-widget elementor-widget-spacer\" data-id=\"bd7cf10\" data-element_type=\"widget\" data-e-type=\"widget\" data-widget_type=\"spacer.default\">\n\t\t\t\t<div class=\"elementor-widget-container\">\n\t\t\t\t\t\t\t<div class=\"elementor-spacer\">\n\t\t\t<div class=\"elementor-spacer-inner\"><\/div>\n\t\t<\/div>\n\t\t\t\t\t\t<\/div>\n\t\t\t\t<\/div>\n\t\t\t\t<div class=\"elementor-element elementor-element-9981b2a elementor-widget elementor-widget-image\" data-id=\"9981b2a\" data-element_type=\"widget\" data-e-type=\"widget\" data-widget_type=\"image.default\">\n\t\t\t\t<div class=\"elementor-widget-container\">\n\t\t\t\t\t\t\t\t\t\t\t\t\t\t\t\t<a href=\"https:\/\/www.susi-partners.com\" target=\"_blank\">\n\t\t\t\t\t\t\t<img decoding=\"async\" src=\"https:\/\/apalmw.com\/wp-content\/uploads\/2024\/04\/SUSI-Partners_400.png\" title=\"SUSI-Partners_400\" alt=\"Logo de SUSI Partners, une soci\u00e9t\u00e9 de gestion d&#039;investissements sp\u00e9cialis\u00e9e dans les infrastructures li\u00e9es \u00e0 la transition \u00e9nerg\u00e9tique.\" loading=\"lazy\" \/>\t\t\t\t\t\t\t\t<\/a>\n\t\t\t\t\t\t\t\t\t\t\t\t\t\t\t<\/div>\n\t\t\t\t<\/div>\n\t\t\t\t<div class=\"elementor-element elementor-element-2bafb725 elementor-widget elementor-widget-text-editor\" data-id=\"2bafb725\" data-element_type=\"widget\" data-e-type=\"widget\" data-widget_type=\"text-editor.default\">\n\t\t\t\t<div class=\"elementor-widget-container\">\n\t\t\t\t\t\t\t\t\t<p><strong>APAL MW<\/strong> est contr\u00f4l\u00e9 majoritairement par le <strong>SUSI Energy Transition Fund<\/strong>, un v\u00e9hicule d&#8217;investissement g\u00e9r\u00e9 par <strong>SUSI Partners<\/strong>, sp\u00e9cialiste de l&#8217;investissement durable bas\u00e9 en Suisse, pour le compte d&#8217;investisseurs institutionnels, dont la majorit\u00e9 sont des fonds de pension et des compagnies d&#8217;assurance mandat\u00e9s pour investir de mani\u00e8re responsable l&#8217;\u00e9pargne de milliers de b\u00e9n\u00e9ficiaires.<\/p><p><strong>SUSI Partners<\/strong> investit exclusivement dans des entreprises qui favorisent la transition \u00e9nerg\u00e9tique et vise ainsi \u00e0 soutenir la mise en place de syst\u00e8mes \u00e9nerg\u00e9tiques propres, s\u00fbrs et abordables au profit des soci\u00e9t\u00e9s du monde entier. Chaque investissement entra\u00eene une r\u00e9duction objectivement mesurable des \u00e9missions de gaz \u00e0 effet de serre, contribuant ainsi activement aux efforts mondiaux d&#8217;att\u00e9nuation du changement climatique.<\/p>\t\t\t\t\t\t\t\t<\/div>\n\t\t\t\t<\/div>\n\t\t            <\/div>\r\n        <\/div>\r\n        \t\t\t<\/div>\r\n\t\t<\/section>\r\n\t\t\t\t<\/div>","protected":false},"excerpt":{"rendered":"<p>D\u00e9veloppeur et producteur ind\u00e9pendant d\u2019\u00e9nergies renouvelables. L&#8217;agence de D\u00e9veloppement des EnR (ADE) et 3N D\u00e9veloppement, cr\u00e9\u00e9es et pr\u00e9sid\u00e9es respectivement par Antoine Pedersoli et Antoine Leclerc, fusionnent en 2023 pour devenir d\u00e9veloppeur et producteur ind\u00e9pendant d\u2019\u00e9nergies renouvelables, en cr\u00e9ant la soci\u00e9t\u00e9 APAL MW (\u00abAPAL M\u00e9gawatt \u00bb ou \u00ab APAL \u00bb). Leurs missions et leurs visions similaires [&hellip;]<\/p>\n","protected":false},"author":1,"featured_media":7839,"parent":0,"menu_order":4,"comment_status":"closed","ping_status":"closed","template":"","meta":{"_coblocks_attr":"","_coblocks_dimensions":"","_coblocks_responsive_height":"","_coblocks_accordion_ie_support":"","footnotes":""},"class_list":["post-25","page","type-page","status-publish","has-post-thumbnail","hentry","cms-has-post-thumbnail"],"yoast_head":"<!-- This site is optimized with the Yoast SEO plugin v27.5 - https:\/\/yoast.com\/product\/yoast-seo-wordpress\/ -->\n<title>APAL MW - Notre histoire<\/title>\n<meta name=\"description\" content=\"D\u00e9veloppeur et producteur ind\u00e9pendant d\u2019\u00e9nergies renouvelables, en cr\u00e9ant la soci\u00e9t\u00e9 APAL MW (\u00abAPAL M\u00e9gawatt \u00bb ou \u00ab APAL \u00bb).\" \/>\n<meta name=\"robots\" content=\"index, follow, max-snippet:-1, max-image-preview:large, max-video-preview:-1\" \/>\n<link rel=\"canonical\" href=\"https:\/\/apalmw.com\/en\/notre-histoire-developpeur-et-producteur\/\" \/>\n<meta property=\"og:locale\" content=\"en_US\" \/>\n<meta property=\"og:type\" content=\"article\" \/>\n<meta property=\"og:title\" content=\"APAL MW - Notre histoire\" \/>\n<meta property=\"og:description\" content=\"D\u00e9veloppeur et producteur ind\u00e9pendant d\u2019\u00e9nergies renouvelables, en cr\u00e9ant la soci\u00e9t\u00e9 APAL MW (\u00abAPAL M\u00e9gawatt \u00bb ou \u00ab APAL \u00bb).\" \/>\n<meta property=\"og:url\" content=\"https:\/\/apalmw.com\/en\/notre-histoire-developpeur-et-producteur\/\" \/>\n<meta property=\"og:site_name\" content=\"APAL MW\" \/>\n<meta property=\"article:modified_time\" content=\"2025-05-16T13:56:53+00:00\" \/>\n<meta property=\"og:image\" content=\"https:\/\/apalmw.com\/wp-content\/uploads\/2025\/04\/apal_mw_logo-1.webp\" \/>\n\t<meta property=\"og:image:width\" content=\"200\" \/>\n\t<meta property=\"og:image:height\" content=\"200\" \/>\n\t<meta property=\"og:image:type\" content=\"image\/webp\" \/>\n<meta name=\"twitter:card\" content=\"summary_large_image\" \/>\n<meta name=\"twitter:label1\" content=\"Est. reading time\" \/>\n\t<meta name=\"twitter:data1\" content=\"3 minutes\" \/>\n<script type=\"application\/ld+json\" class=\"yoast-schema-graph\">{\"@context\":\"https:\\\/\\\/schema.org\",\"@graph\":[{\"@type\":\"WebPage\",\"@id\":\"https:\\\/\\\/apalmw.com\\\/notre-histoire-developpeur-et-producteur\\\/\",\"url\":\"https:\\\/\\\/apalmw.com\\\/notre-histoire-developpeur-et-producteur\\\/\",\"name\":\"APAL MW - Notre histoire\",\"isPartOf\":{\"@id\":\"https:\\\/\\\/apalmw.com\\\/#website\"},\"primaryImageOfPage\":{\"@id\":\"https:\\\/\\\/apalmw.com\\\/notre-histoire-developpeur-et-producteur\\\/#primaryimage\"},\"image\":{\"@id\":\"https:\\\/\\\/apalmw.com\\\/notre-histoire-developpeur-et-producteur\\\/#primaryimage\"},\"thumbnailUrl\":\"https:\\\/\\\/apalmw.com\\\/wp-content\\\/uploads\\\/2025\\\/04\\\/apal_mw_logo-1.webp\",\"datePublished\":\"2020-12-08T09:27:02+00:00\",\"dateModified\":\"2025-05-16T13:56:53+00:00\",\"description\":\"D\u00e9veloppeur et producteur ind\u00e9pendant d\u2019\u00e9nergies renouvelables, en cr\u00e9ant la soci\u00e9t\u00e9 APAL MW (\u00abAPAL M\u00e9gawatt \u00bb ou \u00ab APAL \u00bb).\",\"breadcrumb\":{\"@id\":\"https:\\\/\\\/apalmw.com\\\/notre-histoire-developpeur-et-producteur\\\/#breadcrumb\"},\"inLanguage\":\"en-US\",\"potentialAction\":[{\"@type\":\"ReadAction\",\"target\":[\"https:\\\/\\\/apalmw.com\\\/notre-histoire-developpeur-et-producteur\\\/\"]}]},{\"@type\":\"ImageObject\",\"inLanguage\":\"en-US\",\"@id\":\"https:\\\/\\\/apalmw.com\\\/notre-histoire-developpeur-et-producteur\\\/#primaryimage\",\"url\":\"https:\\\/\\\/apalmw.com\\\/wp-content\\\/uploads\\\/2025\\\/04\\\/apal_mw_logo-1.webp\",\"contentUrl\":\"https:\\\/\\\/apalmw.com\\\/wp-content\\\/uploads\\\/2025\\\/04\\\/apal_mw_logo-1.webp\",\"width\":200,\"height\":200,\"caption\":\"Logo de la soci\u00e9t\u00e9 APAL MW fond\u00e9e en 2023 par Antoine Leclerc et Antoine Pedersoli\"},{\"@type\":\"BreadcrumbList\",\"@id\":\"https:\\\/\\\/apalmw.com\\\/notre-histoire-developpeur-et-producteur\\\/#breadcrumb\",\"itemListElement\":[{\"@type\":\"ListItem\",\"position\":1,\"name\":\"Accueil\",\"item\":\"https:\\\/\\\/apalmw.com\\\/\"},{\"@type\":\"ListItem\",\"position\":2,\"name\":\"Notre histoire\"}]},{\"@type\":\"WebSite\",\"@id\":\"https:\\\/\\\/apalmw.com\\\/#website\",\"url\":\"https:\\\/\\\/apalmw.com\\\/\",\"name\":\"APAL MW\",\"description\":\"Ensemble vers l&#039;\u00e9nergie de demain\",\"publisher\":{\"@id\":\"https:\\\/\\\/apalmw.com\\\/#organization\"},\"alternateName\":\"APAL\",\"potentialAction\":[{\"@type\":\"SearchAction\",\"target\":{\"@type\":\"EntryPoint\",\"urlTemplate\":\"https:\\\/\\\/apalmw.com\\\/?s={search_term_string}\"},\"query-input\":{\"@type\":\"PropertyValueSpecification\",\"valueRequired\":true,\"valueName\":\"search_term_string\"}}],\"inLanguage\":\"en-US\"},{\"@type\":\"Organization\",\"@id\":\"https:\\\/\\\/apalmw.com\\\/#organization\",\"name\":\"APAL MW\",\"alternateName\":\"APALMW\",\"url\":\"https:\\\/\\\/apalmw.com\\\/\",\"logo\":{\"@type\":\"ImageObject\",\"inLanguage\":\"en-US\",\"@id\":\"https:\\\/\\\/apalmw.com\\\/#\\\/schema\\\/logo\\\/image\\\/\",\"url\":\"\",\"contentUrl\":\"\",\"caption\":\"APAL MW\"},\"image\":{\"@id\":\"https:\\\/\\\/apalmw.com\\\/#\\\/schema\\\/logo\\\/image\\\/\"},\"sameAs\":[\"https:\\\/\\\/fr.linkedin.com\\\/company\\\/apal-mw\",\"https:\\\/\\\/www.youtube.com\\\/@APALMW\"]}]}<\/script>\n<!-- \/ Yoast SEO plugin. -->","yoast_head_json":{"title":"APAL MW - Notre histoire","description":"D\u00e9veloppeur et producteur ind\u00e9pendant d\u2019\u00e9nergies renouvelables, en cr\u00e9ant la soci\u00e9t\u00e9 APAL MW (\u00abAPAL M\u00e9gawatt \u00bb ou \u00ab APAL \u00bb).","robots":{"index":"index","follow":"follow","max-snippet":"max-snippet:-1","max-image-preview":"max-image-preview:large","max-video-preview":"max-video-preview:-1"},"canonical":"https:\/\/apalmw.com\/en\/notre-histoire-developpeur-et-producteur\/","og_locale":"en_US","og_type":"article","og_title":"APAL MW - Notre histoire","og_description":"D\u00e9veloppeur et producteur ind\u00e9pendant d\u2019\u00e9nergies renouvelables, en cr\u00e9ant la soci\u00e9t\u00e9 APAL MW (\u00abAPAL M\u00e9gawatt \u00bb ou \u00ab APAL \u00bb).","og_url":"https:\/\/apalmw.com\/en\/notre-histoire-developpeur-et-producteur\/","og_site_name":"APAL MW","article_modified_time":"2025-05-16T13:56:53+00:00","og_image":[{"width":200,"height":200,"url":"https:\/\/apalmw.com\/wp-content\/uploads\/2025\/04\/apal_mw_logo-1.webp","type":"image\/webp"}],"twitter_card":"summary_large_image","twitter_misc":{"Est. reading time":"3 minutes"},"schema":{"@context":"https:\/\/schema.org","@graph":[{"@type":"WebPage","@id":"https:\/\/apalmw.com\/notre-histoire-developpeur-et-producteur\/","url":"https:\/\/apalmw.com\/notre-histoire-developpeur-et-producteur\/","name":"APAL MW - Notre histoire","isPartOf":{"@id":"https:\/\/apalmw.com\/#website"},"primaryImageOfPage":{"@id":"https:\/\/apalmw.com\/notre-histoire-developpeur-et-producteur\/#primaryimage"},"image":{"@id":"https:\/\/apalmw.com\/notre-histoire-developpeur-et-producteur\/#primaryimage"},"thumbnailUrl":"https:\/\/apalmw.com\/wp-content\/uploads\/2025\/04\/apal_mw_logo-1.webp","datePublished":"2020-12-08T09:27:02+00:00","dateModified":"2025-05-16T13:56:53+00:00","description":"D\u00e9veloppeur et producteur ind\u00e9pendant d\u2019\u00e9nergies renouvelables, en cr\u00e9ant la soci\u00e9t\u00e9 APAL MW (\u00abAPAL M\u00e9gawatt \u00bb ou \u00ab APAL \u00bb).","breadcrumb":{"@id":"https:\/\/apalmw.com\/notre-histoire-developpeur-et-producteur\/#breadcrumb"},"inLanguage":"en-US","potentialAction":[{"@type":"ReadAction","target":["https:\/\/apalmw.com\/notre-histoire-developpeur-et-producteur\/"]}]},{"@type":"ImageObject","inLanguage":"en-US","@id":"https:\/\/apalmw.com\/notre-histoire-developpeur-et-producteur\/#primaryimage","url":"https:\/\/apalmw.com\/wp-content\/uploads\/2025\/04\/apal_mw_logo-1.webp","contentUrl":"https:\/\/apalmw.com\/wp-content\/uploads\/2025\/04\/apal_mw_logo-1.webp","width":200,"height":200,"caption":"Logo de la soci\u00e9t\u00e9 APAL MW fond\u00e9e en 2023 par Antoine Leclerc et Antoine Pedersoli"},{"@type":"BreadcrumbList","@id":"https:\/\/apalmw.com\/notre-histoire-developpeur-et-producteur\/#breadcrumb","itemListElement":[{"@type":"ListItem","position":1,"name":"Accueil","item":"https:\/\/apalmw.com\/"},{"@type":"ListItem","position":2,"name":"Notre histoire"}]},{"@type":"WebSite","@id":"https:\/\/apalmw.com\/#website","url":"https:\/\/apalmw.com\/","name":"APAL MW","description":"Ensemble vers l&#039;\u00e9nergie de demain","publisher":{"@id":"https:\/\/apalmw.com\/#organization"},"alternateName":"APAL","potentialAction":[{"@type":"SearchAction","target":{"@type":"EntryPoint","urlTemplate":"https:\/\/apalmw.com\/?s={search_term_string}"},"query-input":{"@type":"PropertyValueSpecification","valueRequired":true,"valueName":"search_term_string"}}],"inLanguage":"en-US"},{"@type":"Organization","@id":"https:\/\/apalmw.com\/#organization","name":"APAL MW","alternateName":"APALMW","url":"https:\/\/apalmw.com\/","logo":{"@type":"ImageObject","inLanguage":"en-US","@id":"https:\/\/apalmw.com\/#\/schema\/logo\/image\/","url":"","contentUrl":"","caption":"APAL MW"},"image":{"@id":"https:\/\/apalmw.com\/#\/schema\/logo\/image\/"},"sameAs":["https:\/\/fr.linkedin.com\/company\/apal-mw","https:\/\/www.youtube.com\/@APALMW"]}]}},"_links":{"self":[{"href":"https:\/\/apalmw.com\/en\/wp-json\/wp\/v2\/pages\/25","targetHints":{"allow":["GET"]}}],"collection":[{"href":"https:\/\/apalmw.com\/en\/wp-json\/wp\/v2\/pages"}],"about":[{"href":"https:\/\/apalmw.com\/en\/wp-json\/wp\/v2\/types\/page"}],"author":[{"embeddable":true,"href":"https:\/\/apalmw.com\/en\/wp-json\/wp\/v2\/users\/1"}],"replies":[{"embeddable":true,"href":"https:\/\/apalmw.com\/en\/wp-json\/wp\/v2\/comments?post=25"}],"version-history":[{"count":5,"href":"https:\/\/apalmw.com\/en\/wp-json\/wp\/v2\/pages\/25\/revisions"}],"predecessor-version":[{"id":8071,"href":"https:\/\/apalmw.com\/en\/wp-json\/wp\/v2\/pages\/25\/revisions\/8071"}],"wp:featuredmedia":[{"embeddable":true,"href":"https:\/\/apalmw.com\/en\/wp-json\/wp\/v2\/media\/7839"}],"wp:attachment":[{"href":"https:\/\/apalmw.com\/en\/wp-json\/wp\/v2\/media?parent=25"}],"curies":[{"name":"wp","href":"https:\/\/api.w.org\/{rel}","templated":true}]}}